{"id":11700,"date":"2022-01-18T16:08:55","date_gmt":"2022-01-18T16:08:55","guid":{"rendered":"https:\/\/immigrationcur.org\/home\/"},"modified":"2026-05-01T02:40:31","modified_gmt":"2026-05-01T02:40:31","slug":"home","status":"publish","type":"page","link":"https:\/\/www.immigrationcur.org\/es\/","title":{"rendered":"Inicio"},"content":{"rendered":"\t\t<div data-elementor-type=\"wp-page\" data-elementor-id=\"11700\" class=\"elementor elementor-11700 elementor-10186\">\n\t\t\t\t\t\t\t\t\t<section class=\"elementor-section elementor-top-section elementor-element elementor-element-815fd2e elementor-section-full_width elementor-section-height-default elementor-section-height-default\" data-id=\"815fd2e\" data-element_type=\"section\">\n\t\t\t\t\t\t<div class=\"elementor-container elementor-column-gap-default\">\n\t\t\t\t\t<div class=\"elementor-column elementor-col-100 elementor-top-column elementor-element elementor-element-d95da02\" data-id=\"d95da02\" data-element_type=\"column\">\n\t\t\t<div class=\"elementor-widget-wrap elementor-element-populated\">\n\t\t\t\t\t\t\t\t<div class=\"elementor-element elementor-element-5f22240 elementor-widget elementor-widget-shortcode\" data-id=\"5f22240\" data-element_type=\"widget\" data-widget_type=\"shortcode.default\">\n\t\t\t\t<div class=\"elementor-widget-container\">\n\t\t\t\t\t<div class=\"elementor-shortcode\">    <div class=\"hero-slider active\">\n                    <div class=\"swiper-slide hero-slider-item\" style=\"background-image:url('https:\/\/www.immigrationcur.org\/wp-content\/uploads\/2020\/07\/RL_banner-image-6_Photo_element.jpg');\">\n                <div class=\"container\">\n                    <div class=\"hero-slider-item-wrap\">\n                        <div class=\"hwrap\">\n                            <h1>Pagina Rib\u2019e Lug\u00e1<\/h1>\n                                                            <a class=\"elementor-button\" href=\"https:\/\/immigrationcur.org\/es\/ribe-luga\/\" target=\"_self\">Haga Clic Aqui<\/a>\n                                                    <\/div>\n                    <\/div>\n                <\/div>\n            <\/div>\n            <\/div>\n    <\/div>\n\t\t\t\t<\/div>\n\t\t\t\t<\/div>\n\t\t\t\t\t<\/div>\n\t\t<\/div>\n\t\t\t\t\t\t\t<\/div>\n\t\t<\/section>\n\t\t\t\t<section class=\"elementor-section elementor-top-section elementor-element elementor-element-2f794897 elementor-section-boxed elementor-section-height-default elementor-section-height-default\" data-id=\"2f794897\" data-element_type=\"section\" data-settings=\"{&quot;background_background&quot;:&quot;classic&quot;}\">\n\t\t\t\t\t\t<div class=\"elementor-container elementor-column-gap-default\">\n\t\t\t\t\t<div class=\"elementor-column elementor-col-50 elementor-top-column elementor-element elementor-element-4f1c92ce\" data-id=\"4f1c92ce\" data-element_type=\"column\">\n\t\t\t<div class=\"elementor-widget-wrap elementor-element-populated\">\n\t\t\t\t\t\t\t\t<div class=\"elementor-element elementor-element-1d3a9857 elementor-invisible elementor-widget elementor-widget-image\" data-id=\"1d3a9857\" data-element_type=\"widget\" data-settings=\"{&quot;_animation&quot;:&quot;slideInUp&quot;,&quot;_animation_delay&quot;:300,&quot;_animation_mobile&quot;:&quot;none&quot;}\" data-widget_type=\"image.default\">\n\t\t\t\t<div class=\"elementor-widget-container\">\n\t\t\t<style>\/*! elementor - v3.15.0 - 20-08-2023 *\/\n.elementor-widget-image{text-align:center}.elementor-widget-image a{display:inline-block}.elementor-widget-image a img[src$=\".svg\"]{width:48px}.elementor-widget-image img{vertical-align:middle;display:inline-block}<\/style>\t\t\t\t\t\t\t\t\t\t\t\t<img decoding=\"async\" width=\"1024\" height=\"683\" src=\"https:\/\/www.immigrationcur.org\/wp-content\/uploads\/2022\/02\/Homepagina-image.jpg\" class=\"attachment-large size-large wp-image-10480\" alt=\"\" srcset=\"https:\/\/www.immigrationcur.org\/wp-content\/uploads\/2022\/02\/Homepagina-image.jpg 1024w, https:\/\/www.immigrationcur.org\/wp-content\/uploads\/2022\/02\/Homepagina-image-300x200.jpg 300w, https:\/\/www.immigrationcur.org\/wp-content\/uploads\/2022\/02\/Homepagina-image-768x512.jpg 768w, https:\/\/www.immigrationcur.org\/wp-content\/uploads\/2022\/02\/Homepagina-image-600x400.jpg 600w, https:\/\/www.immigrationcur.org\/wp-content\/uploads\/2022\/02\/Homepagina-image-560x374.jpg 560w\" sizes=\"(max-width: 1024px) 100vw, 1024px\" \/>\t\t\t\t\t\t\t\t\t\t\t\t\t\t\t<\/div>\n\t\t\t\t<\/div>\n\t\t\t\t\t<\/div>\n\t\t<\/div>\n\t\t\t\t<div class=\"elementor-column elementor-col-50 elementor-top-column elementor-element elementor-element-72bc6c7a\" data-id=\"72bc6c7a\" data-element_type=\"column\">\n\t\t\t<div class=\"elementor-widget-wrap elementor-element-populated\">\n\t\t\t\t\t\t\t\t<div class=\"elementor-element elementor-element-3f2ebfbd elementor-widget elementor-widget-heading\" data-id=\"3f2ebfbd\" data-element_type=\"widget\" data-widget_type=\"heading.default\">\n\t\t\t\t<div class=\"elementor-widget-container\">\n\t\t\t<style>\/*! elementor - v3.15.0 - 20-08-2023 *\/\n.elementor-heading-title{padding:0;margin:0;line-height:1}.elementor-widget-heading .elementor-heading-title[class*=elementor-size-]>a{color:inherit;font-size:inherit;line-height:inherit}.elementor-widget-heading .elementor-heading-title.elementor-size-small{font-size:15px}.elementor-widget-heading .elementor-heading-title.elementor-size-medium{font-size:19px}.elementor-widget-heading .elementor-heading-title.elementor-size-large{font-size:29px}.elementor-widget-heading .elementor-heading-title.elementor-size-xl{font-size:39px}.elementor-widget-heading .elementor-heading-title.elementor-size-xxl{font-size:59px}<\/style><h2 class=\"elementor-heading-title elementor-size-default\">Bienvenido al sitio web del Servicio de Admisi\u00f3n y la Unidad de Control de Inmigraci\u00f3n y Fronteras de Curazao.<\/h2>\t\t<\/div>\n\t\t\t\t<\/div>\n\t\t\t\t<div class=\"elementor-element elementor-element-a1846da elementor-widget__width-initial elementor-widget-tablet__width-inherit elementor-widget elementor-widget-text-editor\" data-id=\"a1846da\" data-element_type=\"widget\" data-widget_type=\"text-editor.default\">\n\t\t\t\t<div class=\"elementor-widget-container\">\n\t\t\t<style>\/*! elementor - v3.15.0 - 20-08-2023 *\/\n.elementor-widget-text-editor.elementor-drop-cap-view-stacked .elementor-drop-cap{background-color:#69727d;color:#fff}.elementor-widget-text-editor.elementor-drop-cap-view-framed .elementor-drop-cap{color:#69727d;border:3px solid;background-color:transparent}.elementor-widget-text-editor:not(.elementor-drop-cap-view-default) .elementor-drop-cap{margin-top:8px}.elementor-widget-text-editor:not(.elementor-drop-cap-view-default) .elementor-drop-cap-letter{width:1em;height:1em}.elementor-widget-text-editor .elementor-drop-cap{float:left;text-align:center;line-height:1;font-size:50px}.elementor-widget-text-editor .elementor-drop-cap-letter{display:inline-block}<\/style>\t\t\t\t<p><span style=\"font-weight: 400;\">Aqu\u00ed puede obtener informaci\u00f3n sobre los diferentes productos con respeto al acceso, admisi\u00f3n y supervisi\u00f3n. Tambi\u00e9n puede entregar una solicitud para un permiso de estad\u00eda o declaraciones a trav\u00e9s de este sitio web.<\/span><\/p><p><span style=\"font-weight: 400;\">Informaci\u00f3n con respecto a la Unidad Supervisi\u00f3n de Inmigraci\u00f3n y Control de Fronteras, en adelante denominada Control de Fronteras y Supervisi\u00f3n tambi\u00e9n est\u00e1 disponible aqu\u00ed.<\/span><\/p>\t\t\t\t\t\t<\/div>\n\t\t\t\t<\/div>\n\t\t\t\t<div class=\"elementor-element elementor-element-12a553a0 elementor-align-right elementor-widget__width-auto egovt-button-color-border-header elementor-widget elementor-widget-button\" data-id=\"12a553a0\" data-element_type=\"widget\" data-widget_type=\"button.default\">\n\t\t\t\t<div class=\"elementor-widget-container\">\n\t\t\t\t\t<div class=\"elementor-button-wrapper\">\n\t\t\t<a class=\"elementor-button elementor-button-link elementor-size-sm\" href=\"https:\/\/immigrationcur.org\/es\/over-ons\/\">\n\t\t\t\t\t\t<span class=\"elementor-button-content-wrapper\">\n\t\t\t\t\t\t<span class=\"elementor-button-text\">Sobre nosotros<\/span>\n\t\t<\/span>\n\t\t\t\t\t<\/a>\n\t\t<\/div>\n\t\t\t\t<\/div>\n\t\t\t\t<\/div>\n\t\t\t\t\t<\/div>\n\t\t<\/div>\n\t\t\t\t\t\t\t<\/div>\n\t\t<\/section>\n\t\t\t\t<section class=\"elementor-section elementor-top-section elementor-element elementor-element-5c0dca08 elementor-section-boxed elementor-section-height-default elementor-section-height-default\" data-id=\"5c0dca08\" data-element_type=\"section\" data-settings=\"{&quot;background_background&quot;:&quot;classic&quot;}\">\n\t\t\t\t\t\t<div class=\"elementor-container elementor-column-gap-default\">\n\t\t\t\t\t<div class=\"elementor-column elementor-col-50 elementor-top-column elementor-element elementor-element-34c533e\" data-id=\"34c533e\" data-element_type=\"column\">\n\t\t\t<div class=\"elementor-widget-wrap elementor-element-populated\">\n\t\t\t\t\t\t\t\t<div class=\"elementor-element elementor-element-198a35fd elementor-widget__width-auto svr_blk elementor-widget elementor-widget-ova_feature_box_3\" data-id=\"198a35fd\" data-element_type=\"widget\" data-widget_type=\"ova_feature_box_3.default\">\n\t\t\t\t<div class=\"elementor-widget-container\">\n\t\t\t\t\t<div class=\"ova_feature_box_3\">\n\t\t\t<div class=\"ova-content\">\n\t\t\t\t<div class=\"wrap-icon\">\n\t\t\t\t\t<span class=\"icon\">\n\t\t\t\t\t\t<i class=\"lnr lnr-users\"><\/i>\n\t\t\t\t\t<\/span>\n\t\t\t\t<\/div>\n\t\t\t\t\n\t\t\t\t\t\t\t\t\t<h3 class=\"title\">\n\t\t\t\t\t\tServicio de Admisi\u00f3n\t\t\t\t\t<\/h3>\n\t\t\t\t\n\t\t\t\t\t\t\t\t\t<p class=\"desc\">\n\t\t\t\t\t\tServicio de Admisi\u00f3n Curazao (en adelante: TO) reside bajo el Ministerio de Justicia y se encarga con la implementaci\u00f3n de la Ley de Extranjer\u00eda en Curazao. La organizaci\u00f3n es responsable de procesar las solicitudes de personas que desean permanecer en Curazao por per\u00edodos cortos o m\u00e1s largos. Todas las solicitudes se eval\u00faan a base de la Ordenanza Nacional de Admisi\u00f3n y Expulsi\u00f3n (LTU).\t\t\t\t\t<\/p>\n\t\t\t\t\n\t\t\t\t\t\t\t\t\t<div class=\"readmore\">\n\t\t\t\t\t\t<a class=\"second_font\" href=\"https:\/\/immigrationcur.org\/es\/toelatingsorganisatie\/\">M\u00e1s informaci\u00f3n<\/a>\n\t\t\t\t\t<\/div>\n\t\t\t\t\t\t\t\t\t\n\t\t\t<\/div>\n\t\t<\/div>\n\t\t\t\t<\/div>\n\t\t\t\t<\/div>\n\t\t\t\t\t<\/div>\n\t\t<\/div>\n\t\t\t\t<div class=\"elementor-column elementor-col-50 elementor-top-column elementor-element elementor-element-733f7d00\" data-id=\"733f7d00\" data-element_type=\"column\">\n\t\t\t<div class=\"elementor-widget-wrap elementor-element-populated\">\n\t\t\t\t\t\t\t\t<div class=\"elementor-element elementor-element-6d469e1f elementor-widget__width-auto svr_blk elementor-widget elementor-widget-ova_feature_box_3\" data-id=\"6d469e1f\" data-element_type=\"widget\" data-widget_type=\"ova_feature_box_3.default\">\n\t\t\t\t<div class=\"elementor-widget-container\">\n\t\t\t\t\t<div class=\"ova_feature_box_3\">\n\t\t\t<div class=\"ova-content\">\n\t\t\t\t<div class=\"wrap-icon\">\n\t\t\t\t\t<span class=\"icon\">\n\t\t\t\t\t\t<i class=\"lnr lnr-heart\"><\/i>\n\t\t\t\t\t<\/span>\n\t\t\t\t<\/div>\n\t\t\t\t\n\t\t\t\t\t\t\t\t\t<h3 class=\"title\">\n\t\t\t\t\t\tUnidad de Supervisi\u00f3n de Inmigraci\u00f3n y Control de Fronteras\t\t\t\t\t<\/h3>\n\t\t\t\t\n\t\t\t\t\t\t\t\t\t<p class=\"desc\">\n\t\t\t\t\t\tLa Unidad de Inmigraci\u00f3n, Supervisi\u00f3n y Control de Frontera (en adelante: Control de Fronteras y Supervisi\u00f3n) de la Polic\u00eda de Curazao (en adelante: KPC) participa en el control fronterizo y la supervisi\u00f3n de la residencia de las personas para cuales la Ordenanza Nacional de Admisi\u00f3n y Expulsi\u00f3n es aplicable.\t\t\t\t\t<\/p>\n\t\t\t\t\n\t\t\t\t\t\t\t\t\t<div class=\"readmore\">\n\t\t\t\t\t\t<a class=\"second_font\" href=\"https:\/\/immigrationcur.org\/es\/grensbewaking-en-toezicht\/\">M\u00e1s informaci\u00f3n<\/a>\n\t\t\t\t\t<\/div>\n\t\t\t\t\t\t\t\t\t\n\t\t\t<\/div>\n\t\t<\/div>\n\t\t\t\t<\/div>\n\t\t\t\t<\/div>\n\t\t\t\t\t<\/div>\n\t\t<\/div>\n\t\t\t\t\t\t\t<\/div>\n\t\t<\/section>\n\t\t\t\t<section class=\"elementor-section elementor-top-section elementor-element elementor-element-1ab35dec elementor-hidden-desktop elementor-hidden-tablet elementor-hidden-mobile elementor-section-boxed elementor-section-height-default elementor-section-height-default\" data-id=\"1ab35dec\" data-element_type=\"section\">\n\t\t\t\t\t\t<div class=\"elementor-container elementor-column-gap-default\">\n\t\t\t\t\t<div class=\"elementor-column elementor-col-20 elementor-top-column elementor-element elementor-element-25eb9388\" data-id=\"25eb9388\" data-element_type=\"column\" data-settings=\"{&quot;background_background&quot;:&quot;classic&quot;}\">\n\t\t\t<div class=\"elementor-widget-wrap elementor-element-populated\">\n\t\t\t\t\t\t\t\t<div class=\"elementor-element elementor-element-46ab76f6 elementor-widget elementor-widget-ova_feature\" data-id=\"46ab76f6\" data-element_type=\"widget\" data-widget_type=\"ova_feature.default\">\n\t\t\t\t<div class=\"elementor-widget-container\">\n\t\t\t\n\t\t\t\t<div class=\"ova_feature version_2 box-shadow\">\n\t\t\t<div class=\"items\">\n\t\t\t\t\n\t\t\t\t\n\t\t\t\t\t\t\t<div class=\"icon\">\n\t\t\t\t\t\n\t\t\t\t\t\t\t\t\t\t\t<span class=\"flaticon-parthenon\"><\/span>\t\n\t\t\t\t\t\t\t\t\t<\/div>\n\t\t\t\t\n\t\t\t\t\t\t\t\t\t<h3 class=\"title\">\n\t\t\t\t\t\t<a class=\"second_font\" href=\"https:\/\/immigrationcur.org\/es\/dep\/vergunning-en-verklaring\/\">\n\t\t\t\t\t\t\tPermisos y Declaraciones\t\t\t\t\t\t<\/a>\n\t\t\t\t\t<\/h3>\n\t\t\t\t\n\t\t\t<\/div>\n\t\t<\/div>\n\t\t\t\t<\/div>\n\t\t\t\t<\/div>\n\t\t\t\t\t<\/div>\n\t\t<\/div>\n\t\t\t\t<div class=\"elementor-column elementor-col-20 elementor-top-column elementor-element elementor-element-5ca69893\" data-id=\"5ca69893\" data-element_type=\"column\" data-settings=\"{&quot;background_background&quot;:&quot;classic&quot;}\">\n\t\t\t<div class=\"elementor-widget-wrap elementor-element-populated\">\n\t\t\t\t\t\t\t\t<div class=\"elementor-element elementor-element-4186cd51 elementor-widget elementor-widget-ova_feature\" data-id=\"4186cd51\" data-element_type=\"widget\" data-widget_type=\"ova_feature.default\">\n\t\t\t\t<div class=\"elementor-widget-container\">\n\t\t\t\n\t\t\t\t<div class=\"ova_feature version_2 box-shadow\">\n\t\t\t<div class=\"items\">\n\t\t\t\t\n\t\t\t\t\n\t\t\t\t\t\t\t<div class=\"icon\">\n\t\t\t\t\t\n\t\t\t\t\t\t\t\t\t\t\t<span class=\"flaticon-briefcase\"><\/span>\t\n\t\t\t\t\t\t\t\t\t<\/div>\n\t\t\t\t\n\t\t\t\t\t\t\t\t\t<h3 class=\"title\">\n\t\t\t\t\t\t<a class=\"second_font\" href=\"https:\/\/immigrationcur.org\/es\/dep\/status\/\">\n\t\t\t\t\t\t\tEstado \t\t\t\t\t\t<\/a>\n\t\t\t\t\t<\/h3>\n\t\t\t\t\n\t\t\t<\/div>\n\t\t<\/div>\n\t\t\t\t<\/div>\n\t\t\t\t<\/div>\n\t\t\t\t\t<\/div>\n\t\t<\/div>\n\t\t\t\t<div class=\"elementor-column elementor-col-20 elementor-top-column elementor-element elementor-element-75ed4f3e\" data-id=\"75ed4f3e\" data-element_type=\"column\" data-settings=\"{&quot;background_background&quot;:&quot;classic&quot;}\">\n\t\t\t<div class=\"elementor-widget-wrap elementor-element-populated\">\n\t\t\t\t\t\t\t\t<div class=\"elementor-element elementor-element-5c19ea60 elementor-widget elementor-widget-ova_feature\" data-id=\"5c19ea60\" data-element_type=\"widget\" data-widget_type=\"ova_feature.default\">\n\t\t\t\t<div class=\"elementor-widget-container\">\n\t\t\t\n\t\t\t\t<div class=\"ova_feature version_2 box-shadow\">\n\t\t\t<div class=\"items\">\n\t\t\t\t\n\t\t\t\t\n\t\t\t\t\t\t\t<div class=\"icon\">\n\t\t\t\t\t\n\t\t\t\t\t\t\t\t\t\t\t<span class=\"flaticon-factory-5\"><\/span>\t\n\t\t\t\t\t\t\t\t\t<\/div>\n\t\t\t\t\n\t\t\t\t\t\t\t\t\t<h3 class=\"title\">\n\t\t\t\t\t\t<a class=\"second_font\" href=\"https:\/\/immigrationcur.org\/es\/dep\/afspraak\/\">\n\t\t\t\t\t\t\tCita\t\t\t\t\t\t<\/a>\n\t\t\t\t\t<\/h3>\n\t\t\t\t\n\t\t\t<\/div>\n\t\t<\/div>\n\t\t\t\t<\/div>\n\t\t\t\t<\/div>\n\t\t\t\t\t<\/div>\n\t\t<\/div>\n\t\t\t\t<div class=\"elementor-column elementor-col-20 elementor-top-column elementor-element elementor-element-34e994d1\" data-id=\"34e994d1\" data-element_type=\"column\" data-settings=\"{&quot;background_background&quot;:&quot;classic&quot;}\">\n\t\t\t<div class=\"elementor-widget-wrap elementor-element-populated\">\n\t\t\t\t\t\t\t\t<div class=\"elementor-element elementor-element-7d4a5492 elementor-widget elementor-widget-ova_feature\" data-id=\"7d4a5492\" data-element_type=\"widget\" data-widget_type=\"ova_feature.default\">\n\t\t\t\t<div class=\"elementor-widget-container\">\n\t\t\t\n\t\t\t\t<div class=\"ova_feature version_2 box-shadow\">\n\t\t\t<div class=\"items\">\n\t\t\t\t\n\t\t\t\t\n\t\t\t\t\t\t\t<div class=\"icon\">\n\t\t\t\t\t\n\t\t\t\t\t\t\t\t\t\t\t<span class=\"flaticon-school-bus\"><\/span>\t\n\t\t\t\t\t\t\t\t\t<\/div>\n\t\t\t\t\n\t\t\t\t\t\t\t\t\t<h3 class=\"title\">\n\t\t\t\t\t\t<a class=\"second_font\" href=\"https:\/\/immigrationcur.org\/es\/dep\/aanvraag-indienen\/\">\n\t\t\t\t\t\t\tSolicitud de permisos\t\t\t\t\t\t<\/a>\n\t\t\t\t\t<\/h3>\n\t\t\t\t\n\t\t\t<\/div>\n\t\t<\/div>\n\t\t\t\t<\/div>\n\t\t\t\t<\/div>\n\t\t\t\t\t<\/div>\n\t\t<\/div>\n\t\t\t\t<div class=\"elementor-column elementor-col-20 elementor-top-column elementor-element elementor-element-1fbf21f7\" data-id=\"1fbf21f7\" data-element_type=\"column\" data-settings=\"{&quot;background_background&quot;:&quot;classic&quot;}\">\n\t\t\t<div class=\"elementor-widget-wrap elementor-element-populated\">\n\t\t\t\t\t\t\t\t<div class=\"elementor-element elementor-element-34af6c8f elementor-widget elementor-widget-ova_feature\" data-id=\"34af6c8f\" data-element_type=\"widget\" data-widget_type=\"ova_feature.default\">\n\t\t\t\t<div class=\"elementor-widget-container\">\n\t\t\t\n\t\t\t\t<div class=\"ova_feature version_2 box-shadow\">\n\t\t\t<div class=\"items\">\n\t\t\t\t\n\t\t\t\t\n\t\t\t\t\t\t\t<div class=\"icon\">\n\t\t\t\t\t\n\t\t\t\t\t\t\t\t\t\t\t<span class=\"flaticon-school-bus2\"><\/span>\t\n\t\t\t\t\t\t\t\t\t<\/div>\n\t\t\t\t\n\t\t\t\t\t\t\t\t\t<h3 class=\"title\">\n\t\t\t\t\t\t<a class=\"second_font\" href=\"https:\/\/immigrationcur.org\/es\/grensbewaking-en-toezicht\/\">\n\t\t\t\t\t\t\tControl de Fronteras\t\t\t\t\t\t<\/a>\n\t\t\t\t\t<\/h3>\n\t\t\t\t\n\t\t\t<\/div>\n\t\t<\/div>\n\t\t\t\t<\/div>\n\t\t\t\t<\/div>\n\t\t\t\t\t<\/div>\n\t\t<\/div>\n\t\t\t\t\t\t\t<\/div>\n\t\t<\/section>\n\t\t\t\t<section class=\"elementor-section elementor-top-section elementor-element elementor-element-8fe22a1 elementor-section-boxed elementor-section-height-default elementor-section-height-default\" data-id=\"8fe22a1\" data-element_type=\"section\">\n\t\t\t\t\t\t<div class=\"elementor-container elementor-column-gap-default\">\n\t\t\t\t\t<div class=\"elementor-column elementor-col-33 elementor-top-column elementor-element elementor-element-b05e40c\" data-id=\"b05e40c\" data-element_type=\"column\" data-settings=\"{&quot;background_background&quot;:&quot;classic&quot;}\">\n\t\t\t<div class=\"elementor-widget-wrap elementor-element-populated\">\n\t\t\t\t\t\t\t\t<div class=\"elementor-element elementor-element-c54071f elementor-widget elementor-widget-ova_feature\" data-id=\"c54071f\" data-element_type=\"widget\" data-widget_type=\"ova_feature.default\">\n\t\t\t\t<div class=\"elementor-widget-container\">\n\t\t\t\n\t\t\t\t<div class=\"ova_feature version_2 box-shadow\">\n\t\t\t<div class=\"items\">\n\t\t\t\t\n\t\t\t\t\n\t\t\t\t\t\t\t<div class=\"icon\">\n\t\t\t\t\t\n\t\t\t\t\t\t\t\t\t\t\t<span class=\"flaticon-parthenon\"><\/span>\t\n\t\t\t\t\t\t\t\t\t<\/div>\n\t\t\t\t\n\t\t\t\t\t\t\t\t\t<h3 class=\"title\">\n\t\t\t\t\t\t<a class=\"second_font\" href=\"https:\/\/immigrationcur.org\/es\/dep\/vergunning-en-verklaring\/\">\n\t\t\t\t\t\t\tPermisos y Declaraciones\t\t\t\t\t\t<\/a>\n\t\t\t\t\t<\/h3>\n\t\t\t\t\n\t\t\t<\/div>\n\t\t<\/div>\n\t\t\t\t<\/div>\n\t\t\t\t<\/div>\n\t\t\t\t\t<\/div>\n\t\t<\/div>\n\t\t\t\t<div class=\"elementor-column elementor-col-33 elementor-top-column elementor-element elementor-element-e517c32\" data-id=\"e517c32\" data-element_type=\"column\" data-settings=\"{&quot;background_background&quot;:&quot;classic&quot;}\">\n\t\t\t<div class=\"elementor-widget-wrap elementor-element-populated\">\n\t\t\t\t\t\t\t\t<div class=\"elementor-element elementor-element-a315a70 elementor-widget elementor-widget-ova_feature\" data-id=\"a315a70\" data-element_type=\"widget\" data-widget_type=\"ova_feature.default\">\n\t\t\t\t<div class=\"elementor-widget-container\">\n\t\t\t\n\t\t\t\t<div class=\"ova_feature version_2 box-shadow\">\n\t\t\t<div class=\"items\">\n\t\t\t\t\n\t\t\t\t\n\t\t\t\t\t\t\t<div class=\"icon\">\n\t\t\t\t\t\n\t\t\t\t\t\t\t\t\t\t\t<span class=\"flaticon-briefcase\"><\/span>\t\n\t\t\t\t\t\t\t\t\t<\/div>\n\t\t\t\t\n\t\t\t\t\t\t\t\t\t<h3 class=\"title\">\n\t\t\t\t\t\t<a class=\"second_font\" href=\"https:\/\/immigrationcur.org\/es\/dep\/status\/\">\n\t\t\t\t\t\t\tEstado \t\t\t\t\t\t<\/a>\n\t\t\t\t\t<\/h3>\n\t\t\t\t\n\t\t\t<\/div>\n\t\t<\/div>\n\t\t\t\t<\/div>\n\t\t\t\t<\/div>\n\t\t\t\t\t<\/div>\n\t\t<\/div>\n\t\t\t\t<div class=\"elementor-column elementor-col-33 elementor-top-column elementor-element elementor-element-eb9e3d5\" data-id=\"eb9e3d5\" data-element_type=\"column\" data-settings=\"{&quot;background_background&quot;:&quot;classic&quot;}\">\n\t\t\t<div class=\"elementor-widget-wrap elementor-element-populated\">\n\t\t\t\t\t\t\t\t<div class=\"elementor-element elementor-element-162f4eb elementor-widget elementor-widget-ova_feature\" data-id=\"162f4eb\" data-element_type=\"widget\" data-widget_type=\"ova_feature.default\">\n\t\t\t\t<div class=\"elementor-widget-container\">\n\t\t\t\n\t\t\t\t<div class=\"ova_feature version_2 box-shadow\">\n\t\t\t<div class=\"items\">\n\t\t\t\t\n\t\t\t\t\n\t\t\t\t\t\t\t<div class=\"icon\">\n\t\t\t\t\t\n\t\t\t\t\t\t\t\t\t\t\t<span class=\"flaticon-factory-5\"><\/span>\t\n\t\t\t\t\t\t\t\t\t<\/div>\n\t\t\t\t\n\t\t\t\t\t\t\t\t\t<h3 class=\"title\">\n\t\t\t\t\t\t<a class=\"second_font\" href=\"https:\/\/immigrationcur.org\/es\/dep\/afspraak\/\">\n\t\t\t\t\t\t\tCita\t\t\t\t\t\t<\/a>\n\t\t\t\t\t<\/h3>\n\t\t\t\t\n\t\t\t<\/div>\n\t\t<\/div>\n\t\t\t\t<\/div>\n\t\t\t\t<\/div>\n\t\t\t\t\t<\/div>\n\t\t<\/div>\n\t\t\t\t\t\t\t<\/div>\n\t\t<\/section>\n\t\t\t\t<section class=\"elementor-section elementor-top-section elementor-element elementor-element-89ea4b4 elementor-section-boxed elementor-section-height-default elementor-section-height-default\" data-id=\"89ea4b4\" data-element_type=\"section\">\n\t\t\t\t\t\t<div class=\"elementor-container elementor-column-gap-default\">\n\t\t\t\t\t<div class=\"elementor-column elementor-col-33 elementor-top-column elementor-element elementor-element-18347be\" data-id=\"18347be\" data-element_type=\"column\" data-settings=\"{&quot;background_background&quot;:&quot;classic&quot;}\">\n\t\t\t<div class=\"elementor-widget-wrap elementor-element-populated\">\n\t\t\t\t\t\t\t\t<div class=\"elementor-element elementor-element-3776454 elementor-widget elementor-widget-ova_feature\" data-id=\"3776454\" data-element_type=\"widget\" data-widget_type=\"ova_feature.default\">\n\t\t\t\t<div class=\"elementor-widget-container\">\n\t\t\t\n\t\t\t\t<div class=\"ova_feature version_2 box-shadow\">\n\t\t\t<div class=\"items\">\n\t\t\t\t\n\t\t\t\t\n\t\t\t\t\t\t\t<div class=\"icon\">\n\t\t\t\t\t\n\t\t\t\t\t\t\t\t\t\t\t<span class=\"flaticon-school-bus\"><\/span>\t\n\t\t\t\t\t\t\t\t\t<\/div>\n\t\t\t\t\n\t\t\t\t\t\t\t\t\t<h3 class=\"title\">\n\t\t\t\t\t\t<a class=\"second_font\" href=\"https:\/\/immigrationcur.org\/es\/dep\/aanvraag-indienen\/\">\n\t\t\t\t\t\t\tSolicitud de permisos\t\t\t\t\t\t<\/a>\n\t\t\t\t\t<\/h3>\n\t\t\t\t\n\t\t\t<\/div>\n\t\t<\/div>\n\t\t\t\t<\/div>\n\t\t\t\t<\/div>\n\t\t\t\t\t<\/div>\n\t\t<\/div>\n\t\t\t\t<div class=\"elementor-column elementor-col-33 elementor-top-column elementor-element elementor-element-afb2c50\" data-id=\"afb2c50\" data-element_type=\"column\" data-settings=\"{&quot;background_background&quot;:&quot;classic&quot;}\">\n\t\t\t<div class=\"elementor-widget-wrap elementor-element-populated\">\n\t\t\t\t\t\t\t\t<div class=\"elementor-element elementor-element-eacc44e elementor-widget elementor-widget-ova_feature\" data-id=\"eacc44e\" data-element_type=\"widget\" data-widget_type=\"ova_feature.default\">\n\t\t\t\t<div class=\"elementor-widget-container\">\n\t\t\t\n\t\t\t\t<div class=\"ova_feature version_2 box-shadow\">\n\t\t\t<div class=\"items\">\n\t\t\t\t\n\t\t\t\t\n\t\t\t\t\t\t\t<div class=\"icon\">\n\t\t\t\t\t\n\t\t\t\t\t\t\t\t\t\t\t<span class=\"flaticon-school-bus2\"><\/span>\t\n\t\t\t\t\t\t\t\t\t<\/div>\n\t\t\t\t\n\t\t\t\t\t\t\t\t\t<h3 class=\"title\">\n\t\t\t\t\t\t<a class=\"second_font\" href=\"https:\/\/immigrationcur.org\/es\/grensbewaking-en-toezicht\/\">\n\t\t\t\t\t\t\tControl de Fronteras\t\t\t\t\t\t<\/a>\n\t\t\t\t\t<\/h3>\n\t\t\t\t\n\t\t\t<\/div>\n\t\t<\/div>\n\t\t\t\t<\/div>\n\t\t\t\t<\/div>\n\t\t\t\t\t<\/div>\n\t\t<\/div>\n\t\t\t\t<div class=\"elementor-column elementor-col-33 elementor-top-column elementor-element elementor-element-cd5a571\" data-id=\"cd5a571\" data-element_type=\"column\" data-settings=\"{&quot;background_background&quot;:&quot;classic&quot;}\">\n\t\t\t<div class=\"elementor-widget-wrap elementor-element-populated\">\n\t\t\t\t\t\t\t\t<div class=\"elementor-element elementor-element-99e0357 elementor-widget elementor-widget-ova_feature\" data-id=\"99e0357\" data-element_type=\"widget\" data-widget_type=\"ova_feature.default\">\n\t\t\t\t<div class=\"elementor-widget-container\">\n\t\t\t\n\t\t\t\t<div class=\"ova_feature version_2 box-shadow\">\n\t\t\t<div class=\"items\">\n\t\t\t\t\n\t\t\t\t\n\t\t\t\t\t\t\t<div class=\"icon\">\n\t\t\t\t\t\n\t\t\t\t\t\t\t\t\t\t\t<span class=\"flaticon-single-father\"><\/span>\t\n\t\t\t\t\t\t\t\t\t<\/div>\n\t\t\t\t\n\t\t\t\t\t\t\t\t\t<h3 class=\"title\">\n\t\t\t\t\t\t<a class=\"second_font\" href=\"https:\/\/immigrationcur.org\/es\/ribe-luga\/\">\n\t\t\t\t\t\t\tRib\u2019e Lug\u00e1\t\t\t\t\t\t<\/a>\n\t\t\t\t\t<\/h3>\n\t\t\t\t\n\t\t\t<\/div>\n\t\t<\/div>\n\t\t\t\t<\/div>\n\t\t\t\t<\/div>\n\t\t\t\t\t<\/div>\n\t\t<\/div>\n\t\t\t\t\t\t\t<\/div>\n\t\t<\/section>\n\t\t\t\t<section class=\"elementor-section elementor-top-section elementor-element elementor-element-3a61408f elementor-section-boxed elementor-section-height-default elementor-section-height-default\" data-id=\"3a61408f\" data-element_type=\"section\" data-settings=\"{&quot;background_background&quot;:&quot;classic&quot;}\">\n\t\t\t\t\t\t<div class=\"elementor-container elementor-column-gap-default\">\n\t\t\t\t\t<div class=\"elementor-column elementor-col-100 elementor-top-column elementor-element elementor-element-67c2022b\" data-id=\"67c2022b\" data-element_type=\"column\">\n\t\t\t<div class=\"elementor-widget-wrap elementor-element-populated\">\n\t\t\t\t\t\t\t\t<section class=\"elementor-section elementor-inner-section elementor-element elementor-element-58a515b2 elementor-section-boxed elementor-section-height-default elementor-section-height-default\" data-id=\"58a515b2\" data-element_type=\"section\">\n\t\t\t\t\t\t<div class=\"elementor-container elementor-column-gap-default\">\n\t\t\t\t\t<div class=\"elementor-column elementor-col-50 elementor-inner-column elementor-element elementor-element-413bce53\" data-id=\"413bce53\" data-element_type=\"column\">\n\t\t\t<div class=\"elementor-widget-wrap elementor-element-populated\">\n\t\t\t\t\t\t\t\t<div class=\"elementor-element elementor-element-29fca55e elementor-widget elementor-widget-ova_heading\" data-id=\"29fca55e\" data-element_type=\"widget\" data-widget_type=\"ova_heading.default\">\n\t\t\t\t<div class=\"elementor-widget-container\">\n\t\t\t\t\t<div class=\"ova-heading\">\n\t\t\t\n\t\t\t\t\t\t\t<h3 class=\"title second_font\">Noticias y publicaciones<\/h3>\n\t\t\t\n\t\t\t\t\t\t\t<p class=\"sub-title \">Nuestra meta es mantenerle informado sobre los \u00faltimos desarrollos de Servicio de Admisi\u00f3n y el Control y Supervisi\u00f3n de Fronteras.<\/p>\n\t\t\t\n\t\t<\/div>\n\t\t\t\t<\/div>\n\t\t\t\t<\/div>\n\t\t\t\t\t<\/div>\n\t\t<\/div>\n\t\t\t\t<div class=\"elementor-column elementor-col-50 elementor-inner-column elementor-element elementor-element-66fe0486\" data-id=\"66fe0486\" data-element_type=\"column\">\n\t\t\t<div class=\"elementor-widget-wrap elementor-element-populated\">\n\t\t\t\t\t\t\t\t<div class=\"elementor-element elementor-element-1399d718 elementor-align-right elementor-widget__width-auto egovt-button-color-border-header elementor-widget elementor-widget-button\" data-id=\"1399d718\" data-element_type=\"widget\" data-widget_type=\"button.default\">\n\t\t\t\t<div class=\"elementor-widget-container\">\n\t\t\t\t\t<div class=\"elementor-button-wrapper\">\n\t\t\t<a class=\"elementor-button elementor-button-link elementor-size-sm\" href=\"https:\/\/immigrationcur.org\/es\/nieuws\/\">\n\t\t\t\t\t\t<span class=\"elementor-button-content-wrapper\">\n\t\t\t\t\t\t<span class=\"elementor-button-text\">M\u00e1s noticias<\/span>\n\t\t<\/span>\n\t\t\t\t\t<\/a>\n\t\t<\/div>\n\t\t\t\t<\/div>\n\t\t\t\t<\/div>\n\t\t\t\t\t<\/div>\n\t\t<\/div>\n\t\t\t\t\t\t\t<\/div>\n\t\t<\/section>\n\t\t\t\t<section class=\"elementor-section elementor-inner-section elementor-element elementor-element-7beb8dd4 elementor-section-boxed elementor-section-height-default elementor-section-height-default\" data-id=\"7beb8dd4\" data-element_type=\"section\">\n\t\t\t\t\t\t<div class=\"elementor-container elementor-column-gap-default\">\n\t\t\t\t\t<div class=\"elementor-column elementor-col-100 elementor-inner-column elementor-element elementor-element-608c6f63\" data-id=\"608c6f63\" data-element_type=\"column\">\n\t\t\t<div class=\"elementor-widget-wrap elementor-element-populated\">\n\t\t\t\t\t\t\t\t<div class=\"elementor-element elementor-element-34b5d1fe elementor-widget elementor-widget-ova_blog_slide\" data-id=\"34b5d1fe\" data-element_type=\"widget\" data-settings=\"{&quot;pause_on_hover&quot;:&quot;yes&quot;,&quot;infinite&quot;:&quot;yes&quot;,&quot;dot_control&quot;:&quot;no&quot;}\" data-widget_type=\"ova_blog_slide.default\">\n\t\t\t\t<div class=\"elementor-widget-container\">\n\t\t\t\t\t<div class=\"ova-blog-slide blog-grid\">\n\t\t\t<div class=\"ova-wrap-grid blog-slide owl-carousel owl-theme\" data-options=\"{&quot;items&quot;:4,&quot;slideBy&quot;:1,&quot;margin&quot;:30,&quot;autoplayHoverPause&quot;:true,&quot;loop&quot;:true,&quot;autoplay&quot;:false,&quot;autoplayTimeout&quot;:null,&quot;smartSpeed&quot;:500,&quot;dots&quot;:false,&quot;nav&quot;:false,&quot;center&quot;:false}\">\n\t\t\t\t\t\t\t<article class=\"post-wrap\">\n\t\t\t\t\t<div class=\"wrap-article\">\n\t\t\t\t\t\t<div class=\"post-media\">\n\t\t\t\t\t\t\t\t\t\t\t\t\t\t\t<a href=\"https:\/\/www.immigrationcur.org\/es\/gran-interes-en-el-proyecto-tuma-bo-permit\/\" title=\"Gran inter\u00e9s en el Proyecto \u00abTuma Bo P\u00e8rmit\u00bb\">\n\t\t\t\t\t\t\t\t\t<img decoding=\"async\" alt=\"Gran inter\u00e9s en el Proyecto \u00abTuma Bo P\u00e8rmit\u00bb\" src=\"https:\/\/www.immigrationcur.org\/wp-content\/uploads\/2025\/11\/Logo-definitief-560x560.jpg\" \n\t\t\t\t\t\t\t\t\t\t\t\n\t\t\t\t\t\t\t\t\t\t\tsrcset=\"https:\/\/www.immigrationcur.org\/wp-content\/uploads\/2025\/11\/Logo-definitief-560x560.jpg 560w,\n\t\t\t\t\t\t\t\t\t\t\thttps:\/\/www.immigrationcur.org\/wp-content\/uploads\/2025\/11\/Logo-definitief-300x300.jpg 300w\" \n\t\t\t\t\t\t\t\t\t\t\tsizes=\"(max-width: 767px) 100vw, 560px\" >\n\t\t\t\t\t\t\t\t<\/a>\n\t\t\t\t\t\t\t\t\t\t\t\t\t<\/div>\n\t\t\t\t\t\t<div class=\"evgovt-content\">\n\t\t\t\t\t\t\t\t\t\t\t\t\t\t<div class=\"post-meta-date\">\n\t\t\t\t\t\t\t\t<span class=\"post-meta-content-date\">\n\t\t\t\t\t\t\t\t    <span class=\" post-date\">\n\t\t\t\t\t\t\t\t        <span class=\"right second_font\">11 de diciembre de 2025<\/span>\n\t\t\t\t\t\t\t\t    <\/span>\n\t\t\t\t\t\t\t\t<\/span>\n\t\t\t\t\t\t\t<\/div>\n\t\t\t\t\t\t\t\n\t\t\t\t\t\t\t\t\t\t\t\t\t\t\t\t\t\t\t\t\t<div class=\"post-title\">\n\t\t\t\t\t\t\t\t<a href=\"https:\/\/www.immigrationcur.org\/es\/gran-interes-en-el-proyecto-tuma-bo-permit\/\" rel=\"bookmark\" title=\"Gran inter\u00e9s en el Proyecto \u00abTuma Bo P\u00e8rmit\u00bb\">\n\t\t\t\t\t\t\t\t\t<h2 class=\"post-title\">Gran inter\u00e9s en el Proyecto \u00abTuma Bo P\u00e8rmit\u00bb<\/h2>\n\t\t\t\t\t\t\t    <\/a>\n\t\t\t\t\t\t\t<\/div>\n\t\t\t\t\t\t\t\t\t\t\t\t\t\t\t\t\t\t\t\t\t<div class=\"post-footer\">\n\t\t\t\t\t\t\t\t<div class=\"egovt-post-readmore\">\n\t\t\t\t\t\t\t\t    <a class=\"btn-readmore second_font\" href=\"https:\/\/www.immigrationcur.org\/es\/gran-interes-en-el-proyecto-tuma-bo-permit\/\">\n\t\t\t\t\t\t\t\t    \tLeer m\u00e1s\t\t\t\t\t\t\t\t    \t<i data-feather=\"arrow-right\"><\/i>\n\t\t\t\t\t\t\t\t    <\/a>\n\t\t\t\t\t\t\t\t<\/div>\n\t\t\t\t\t\t\t<\/div>\n\t\t\t\t\t\t\t\t\t\t\t\t\t<\/div>\n\t\t\t\t\t<\/div>\n\t\t\t\t<\/article>\n\t\t\t\t\t\t\t<article class=\"post-wrap\">\n\t\t\t\t\t<div class=\"wrap-article\">\n\t\t\t\t\t\t<div class=\"post-media\">\n\t\t\t\t\t\t\t\t\t\t\t\t\t\t\t<a href=\"https:\/\/www.immigrationcur.org\/es\/el-servicio-de-admision-inicia-proyecto-tuma-bo-permit\/\" title=\"Servicio de Admisi\u00f3n inicia proyecto \u201cTuma Bo P\u00e8rmit\u201d\">\n\t\t\t\t\t\t\t\t\t<img decoding=\"async\" alt=\"Servicio de Admisi\u00f3n inicia proyecto \u201cTuma Bo P\u00e8rmit\u201d\" src=\"https:\/\/www.immigrationcur.org\/wp-content\/uploads\/2020\/07\/20251128-0921-ORARIO-SPA-560x560.jpg\" \n\t\t\t\t\t\t\t\t\t\t\t\n\t\t\t\t\t\t\t\t\t\t\tsrcset=\"https:\/\/www.immigrationcur.org\/wp-content\/uploads\/2020\/07\/20251128-0921-ORARIO-SPA-560x560.jpg 560w,\n\t\t\t\t\t\t\t\t\t\t\thttps:\/\/www.immigrationcur.org\/wp-content\/uploads\/2020\/07\/20251128-0921-ORARIO-SPA-300x300.jpg 300w\" \n\t\t\t\t\t\t\t\t\t\t\tsizes=\"(max-width: 767px) 100vw, 560px\" >\n\t\t\t\t\t\t\t\t<\/a>\n\t\t\t\t\t\t\t\t\t\t\t\t\t<\/div>\n\t\t\t\t\t\t<div class=\"evgovt-content\">\n\t\t\t\t\t\t\t\t\t\t\t\t\t\t<div class=\"post-meta-date\">\n\t\t\t\t\t\t\t\t<span class=\"post-meta-content-date\">\n\t\t\t\t\t\t\t\t    <span class=\" post-date\">\n\t\t\t\t\t\t\t\t        <span class=\"right second_font\">27 de noviembre de 2025<\/span>\n\t\t\t\t\t\t\t\t    <\/span>\n\t\t\t\t\t\t\t\t<\/span>\n\t\t\t\t\t\t\t<\/div>\n\t\t\t\t\t\t\t\n\t\t\t\t\t\t\t\t\t\t\t\t\t\t\t\t\t\t\t\t\t<div class=\"post-title\">\n\t\t\t\t\t\t\t\t<a href=\"https:\/\/www.immigrationcur.org\/es\/el-servicio-de-admision-inicia-proyecto-tuma-bo-permit\/\" rel=\"bookmark\" title=\"Servicio de Admisi\u00f3n inicia proyecto \u201cTuma Bo P\u00e8rmit\u201d\">\n\t\t\t\t\t\t\t\t\t<h2 class=\"post-title\">Servicio de Admisi\u00f3n inicia proyecto \u201cTuma Bo P\u00e8rmit\u201d<\/h2>\n\t\t\t\t\t\t\t    <\/a>\n\t\t\t\t\t\t\t<\/div>\n\t\t\t\t\t\t\t\t\t\t\t\t\t\t\t\t\t\t\t\t\t<div class=\"post-footer\">\n\t\t\t\t\t\t\t\t<div class=\"egovt-post-readmore\">\n\t\t\t\t\t\t\t\t    <a class=\"btn-readmore second_font\" href=\"https:\/\/www.immigrationcur.org\/es\/el-servicio-de-admision-inicia-proyecto-tuma-bo-permit\/\">\n\t\t\t\t\t\t\t\t    \tLeer m\u00e1s\t\t\t\t\t\t\t\t    \t<i data-feather=\"arrow-right\"><\/i>\n\t\t\t\t\t\t\t\t    <\/a>\n\t\t\t\t\t\t\t\t<\/div>\n\t\t\t\t\t\t\t<\/div>\n\t\t\t\t\t\t\t\t\t\t\t\t\t<\/div>\n\t\t\t\t\t<\/div>\n\t\t\t\t<\/article>\n\t\t\t\t\t\t\t<article class=\"post-wrap\">\n\t\t\t\t\t<div class=\"wrap-article\">\n\t\t\t\t\t\t<div class=\"post-media\">\n\t\t\t\t\t\t\t\t\t\t\t\t\t\t\t<a href=\"https:\/\/www.immigrationcur.org\/es\/el-servicio-de-admision-regresa-a-punda\/\" title=\"El Servicio de Admisi\u00f3n regresa a Punda\">\n\t\t\t\t\t\t\t\t\t<img decoding=\"async\" alt=\"El Servicio de Admisi\u00f3n regresa a Punda\" src=\"https:\/\/www.immigrationcur.org\/wp-content\/uploads\/2020\/07\/PUNDA_SPA-copy-560x560.jpg\" \n\t\t\t\t\t\t\t\t\t\t\t\n\t\t\t\t\t\t\t\t\t\t\tsrcset=\"https:\/\/www.immigrationcur.org\/wp-content\/uploads\/2020\/07\/PUNDA_SPA-copy-560x560.jpg 560w,\n\t\t\t\t\t\t\t\t\t\t\thttps:\/\/www.immigrationcur.org\/wp-content\/uploads\/2020\/07\/PUNDA_SPA-copy-300x300.jpg 300w\" \n\t\t\t\t\t\t\t\t\t\t\tsizes=\"(max-width: 767px) 100vw, 560px\" >\n\t\t\t\t\t\t\t\t<\/a>\n\t\t\t\t\t\t\t\t\t\t\t\t\t<\/div>\n\t\t\t\t\t\t<div class=\"evgovt-content\">\n\t\t\t\t\t\t\t\t\t\t\t\t\t\t<div class=\"post-meta-date\">\n\t\t\t\t\t\t\t\t<span class=\"post-meta-content-date\">\n\t\t\t\t\t\t\t\t    <span class=\" post-date\">\n\t\t\t\t\t\t\t\t        <span class=\"right second_font\">20 de noviembre de 2025<\/span>\n\t\t\t\t\t\t\t\t    <\/span>\n\t\t\t\t\t\t\t\t<\/span>\n\t\t\t\t\t\t\t<\/div>\n\t\t\t\t\t\t\t\n\t\t\t\t\t\t\t\t\t\t\t\t\t\t\t\t\t\t\t\t\t<div class=\"post-title\">\n\t\t\t\t\t\t\t\t<a href=\"https:\/\/www.immigrationcur.org\/es\/el-servicio-de-admision-regresa-a-punda\/\" rel=\"bookmark\" title=\"El Servicio de Admisi\u00f3n regresa a Punda\">\n\t\t\t\t\t\t\t\t\t<h2 class=\"post-title\">El Servicio de Admisi\u00f3n regresa a Punda<\/h2>\n\t\t\t\t\t\t\t    <\/a>\n\t\t\t\t\t\t\t<\/div>\n\t\t\t\t\t\t\t\t\t\t\t\t\t\t\t\t\t\t\t\t\t<div class=\"post-footer\">\n\t\t\t\t\t\t\t\t<div class=\"egovt-post-readmore\">\n\t\t\t\t\t\t\t\t    <a class=\"btn-readmore second_font\" href=\"https:\/\/www.immigrationcur.org\/es\/el-servicio-de-admision-regresa-a-punda\/\">\n\t\t\t\t\t\t\t\t    \tLeer m\u00e1s\t\t\t\t\t\t\t\t    \t<i data-feather=\"arrow-right\"><\/i>\n\t\t\t\t\t\t\t\t    <\/a>\n\t\t\t\t\t\t\t\t<\/div>\n\t\t\t\t\t\t\t<\/div>\n\t\t\t\t\t\t\t\t\t\t\t\t\t<\/div>\n\t\t\t\t\t<\/div>\n\t\t\t\t<\/article>\n\t\t\t\t\t\t\t<article class=\"post-wrap\">\n\t\t\t\t\t<div class=\"wrap-article\">\n\t\t\t\t\t\t<div class=\"post-media\">\n\t\t\t\t\t\t\t\t\t\t\t\t\t\t\t<a href=\"https:\/\/www.immigrationcur.org\/es\/servicio-de-admision-con-cambio-temporal-en-el-procedimiento-para-realizar-citas-2\/\" title=\"Servicio de Admisi\u00f3n con cambio temporal en el procedimiento para realizar citas\">\n\t\t\t\t\t\t\t\t\t<img decoding=\"async\" alt=\"Servicio de Admisi\u00f3n con cambio temporal en el procedimiento para realizar citas\" src=\"https:\/\/www.immigrationcur.org\/wp-content\/uploads\/2020\/07\/WhatsApp-Image-2025-09-24-at-9.06.12-AM-560x469.jpeg\" \n\t\t\t\t\t\t\t\t\t\t\t\n\t\t\t\t\t\t\t\t\t\t\tsrcset=\"https:\/\/www.immigrationcur.org\/wp-content\/uploads\/2020\/07\/WhatsApp-Image-2025-09-24-at-9.06.12-AM-560x469.jpeg 560w,\n\t\t\t\t\t\t\t\t\t\t\thttps:\/\/www.immigrationcur.org\/wp-content\/uploads\/2020\/07\/WhatsApp-Image-2025-09-24-at-9.06.12-AM-300x251.jpeg 300w\" \n\t\t\t\t\t\t\t\t\t\t\tsizes=\"(max-width: 767px) 100vw, 560px\" >\n\t\t\t\t\t\t\t\t<\/a>\n\t\t\t\t\t\t\t\t\t\t\t\t\t<\/div>\n\t\t\t\t\t\t<div class=\"evgovt-content\">\n\t\t\t\t\t\t\t\t\t\t\t\t\t\t<div class=\"post-meta-date\">\n\t\t\t\t\t\t\t\t<span class=\"post-meta-content-date\">\n\t\t\t\t\t\t\t\t    <span class=\" post-date\">\n\t\t\t\t\t\t\t\t        <span class=\"right second_font\">24 de septiembre de 2025<\/span>\n\t\t\t\t\t\t\t\t    <\/span>\n\t\t\t\t\t\t\t\t<\/span>\n\t\t\t\t\t\t\t<\/div>\n\t\t\t\t\t\t\t\n\t\t\t\t\t\t\t\t\t\t\t\t\t\t\t\t\t\t\t\t\t<div class=\"post-title\">\n\t\t\t\t\t\t\t\t<a href=\"https:\/\/www.immigrationcur.org\/es\/servicio-de-admision-con-cambio-temporal-en-el-procedimiento-para-realizar-citas-2\/\" rel=\"bookmark\" title=\"Servicio de Admisi\u00f3n con cambio temporal en el procedimiento para realizar citas\">\n\t\t\t\t\t\t\t\t\t<h2 class=\"post-title\">Servicio de Admisi\u00f3n con cambio temporal en el procedimiento para realizar citas<\/h2>\n\t\t\t\t\t\t\t    <\/a>\n\t\t\t\t\t\t\t<\/div>\n\t\t\t\t\t\t\t\t\t\t\t\t\t\t\t\t\t\t\t\t\t<div class=\"post-footer\">\n\t\t\t\t\t\t\t\t<div class=\"egovt-post-readmore\">\n\t\t\t\t\t\t\t\t    <a class=\"btn-readmore second_font\" href=\"https:\/\/www.immigrationcur.org\/es\/servicio-de-admision-con-cambio-temporal-en-el-procedimiento-para-realizar-citas-2\/\">\n\t\t\t\t\t\t\t\t    \tLeer m\u00e1s\t\t\t\t\t\t\t\t    \t<i data-feather=\"arrow-right\"><\/i>\n\t\t\t\t\t\t\t\t    <\/a>\n\t\t\t\t\t\t\t\t<\/div>\n\t\t\t\t\t\t\t<\/div>\n\t\t\t\t\t\t\t\t\t\t\t\t\t<\/div>\n\t\t\t\t\t<\/div>\n\t\t\t\t<\/article>\n\t\t\t\t\t\t\t<article class=\"post-wrap\">\n\t\t\t\t\t<div class=\"wrap-article\">\n\t\t\t\t\t\t<div class=\"post-media\">\n\t\t\t\t\t\t\t\t\t\t\t\t\t\t\t<a href=\"https:\/\/www.immigrationcur.org\/es\/el-servicio-de-admision-con-ubicacion-temporal-para-otorgar-permisos\/\" title=\"El Servicio de Admisi\u00f3n con ubicaci\u00f3n temporal para otorgar permisos\">\n\t\t\t\t\t\t\t\t\t<img decoding=\"async\" alt=\"El Servicio de Admisi\u00f3n con ubicaci\u00f3n temporal para otorgar permisos\" src=\"https:\/\/www.immigrationcur.org\/wp-content\/uploads\/2020\/07\/TO_FB_20250707-PARTISIPASHON-SPA-copy-560x560.jpg\" \n\t\t\t\t\t\t\t\t\t\t\t\n\t\t\t\t\t\t\t\t\t\t\tsrcset=\"https:\/\/www.immigrationcur.org\/wp-content\/uploads\/2020\/07\/TO_FB_20250707-PARTISIPASHON-SPA-copy-560x560.jpg 560w,\n\t\t\t\t\t\t\t\t\t\t\thttps:\/\/www.immigrationcur.org\/wp-content\/uploads\/2020\/07\/TO_FB_20250707-PARTISIPASHON-SPA-copy-300x300.jpg 300w\" \n\t\t\t\t\t\t\t\t\t\t\tsizes=\"(max-width: 767px) 100vw, 560px\" >\n\t\t\t\t\t\t\t\t<\/a>\n\t\t\t\t\t\t\t\t\t\t\t\t\t<\/div>\n\t\t\t\t\t\t<div class=\"evgovt-content\">\n\t\t\t\t\t\t\t\t\t\t\t\t\t\t<div class=\"post-meta-date\">\n\t\t\t\t\t\t\t\t<span class=\"post-meta-content-date\">\n\t\t\t\t\t\t\t\t    <span class=\" post-date\">\n\t\t\t\t\t\t\t\t        <span class=\"right second_font\">8 de julio de 2025<\/span>\n\t\t\t\t\t\t\t\t    <\/span>\n\t\t\t\t\t\t\t\t<\/span>\n\t\t\t\t\t\t\t<\/div>\n\t\t\t\t\t\t\t\n\t\t\t\t\t\t\t\t\t\t\t\t\t\t\t\t\t\t\t\t\t<div class=\"post-title\">\n\t\t\t\t\t\t\t\t<a href=\"https:\/\/www.immigrationcur.org\/es\/el-servicio-de-admision-con-ubicacion-temporal-para-otorgar-permisos\/\" rel=\"bookmark\" title=\"El Servicio de Admisi\u00f3n con ubicaci\u00f3n temporal para otorgar permisos\">\n\t\t\t\t\t\t\t\t\t<h2 class=\"post-title\">El Servicio de Admisi\u00f3n con ubicaci\u00f3n temporal para otorgar permisos<\/h2>\n\t\t\t\t\t\t\t    <\/a>\n\t\t\t\t\t\t\t<\/div>\n\t\t\t\t\t\t\t\t\t\t\t\t\t\t\t\t\t\t\t\t\t<div class=\"post-footer\">\n\t\t\t\t\t\t\t\t<div class=\"egovt-post-readmore\">\n\t\t\t\t\t\t\t\t    <a class=\"btn-readmore second_font\" href=\"https:\/\/www.immigrationcur.org\/es\/el-servicio-de-admision-con-ubicacion-temporal-para-otorgar-permisos\/\">\n\t\t\t\t\t\t\t\t    \tLeer m\u00e1s\t\t\t\t\t\t\t\t    \t<i data-feather=\"arrow-right\"><\/i>\n\t\t\t\t\t\t\t\t    <\/a>\n\t\t\t\t\t\t\t\t<\/div>\n\t\t\t\t\t\t\t<\/div>\n\t\t\t\t\t\t\t\t\t\t\t\t\t<\/div>\n\t\t\t\t\t<\/div>\n\t\t\t\t<\/article>\n\t\t\t\t\t\t\t<article class=\"post-wrap\">\n\t\t\t\t\t<div class=\"wrap-article\">\n\t\t\t\t\t\t<div class=\"post-media\">\n\t\t\t\t\t\t\t\t\t\t\t\t\t\t\t<a href=\"https:\/\/www.immigrationcur.org\/es\/el-servicio-de-admision-con-ajustes-en-el-servicio-al-publico\/\" title=\"El Servicio de Admisi\u00f3n con ajustes en el servicio al p\u00fablico\">\n\t\t\t\t\t\t\t\t\t<img decoding=\"async\" alt=\"El Servicio de Admisi\u00f3n con ajustes en el servicio al p\u00fablico\" src=\"https:\/\/www.immigrationcur.org\/wp-content\/uploads\/2020\/07\/20250131_SPA-kambio-servisio-560x560.jpg\" \n\t\t\t\t\t\t\t\t\t\t\t\n\t\t\t\t\t\t\t\t\t\t\tsrcset=\"https:\/\/www.immigrationcur.org\/wp-content\/uploads\/2020\/07\/20250131_SPA-kambio-servisio-560x560.jpg 560w,\n\t\t\t\t\t\t\t\t\t\t\thttps:\/\/www.immigrationcur.org\/wp-content\/uploads\/2020\/07\/20250131_SPA-kambio-servisio-300x300.jpg 300w\" \n\t\t\t\t\t\t\t\t\t\t\tsizes=\"(max-width: 767px) 100vw, 560px\" >\n\t\t\t\t\t\t\t\t<\/a>\n\t\t\t\t\t\t\t\t\t\t\t\t\t<\/div>\n\t\t\t\t\t\t<div class=\"evgovt-content\">\n\t\t\t\t\t\t\t\t\t\t\t\t\t\t<div class=\"post-meta-date\">\n\t\t\t\t\t\t\t\t<span class=\"post-meta-content-date\">\n\t\t\t\t\t\t\t\t    <span class=\" post-date\">\n\t\t\t\t\t\t\t\t        <span class=\"right second_font\">31 de enero de 2025<\/span>\n\t\t\t\t\t\t\t\t    <\/span>\n\t\t\t\t\t\t\t\t<\/span>\n\t\t\t\t\t\t\t<\/div>\n\t\t\t\t\t\t\t\n\t\t\t\t\t\t\t\t\t\t\t\t\t\t\t\t\t\t\t\t\t<div class=\"post-title\">\n\t\t\t\t\t\t\t\t<a href=\"https:\/\/www.immigrationcur.org\/es\/el-servicio-de-admision-con-ajustes-en-el-servicio-al-publico\/\" rel=\"bookmark\" title=\"El Servicio de Admisi\u00f3n con ajustes en el servicio al p\u00fablico\">\n\t\t\t\t\t\t\t\t\t<h2 class=\"post-title\">El Servicio de Admisi\u00f3n con ajustes en el servicio al p\u00fablico<\/h2>\n\t\t\t\t\t\t\t    <\/a>\n\t\t\t\t\t\t\t<\/div>\n\t\t\t\t\t\t\t\t\t\t\t\t\t\t\t\t\t\t\t\t\t<div class=\"post-footer\">\n\t\t\t\t\t\t\t\t<div class=\"egovt-post-readmore\">\n\t\t\t\t\t\t\t\t    <a class=\"btn-readmore second_font\" href=\"https:\/\/www.immigrationcur.org\/es\/el-servicio-de-admision-con-ajustes-en-el-servicio-al-publico\/\">\n\t\t\t\t\t\t\t\t    \tLeer m\u00e1s\t\t\t\t\t\t\t\t    \t<i data-feather=\"arrow-right\"><\/i>\n\t\t\t\t\t\t\t\t    <\/a>\n\t\t\t\t\t\t\t\t<\/div>\n\t\t\t\t\t\t\t<\/div>\n\t\t\t\t\t\t\t\t\t\t\t\t\t<\/div>\n\t\t\t\t\t<\/div>\n\t\t\t\t<\/article>\n\t\t\t\t\t\t\t<article class=\"post-wrap\">\n\t\t\t\t\t<div class=\"wrap-article\">\n\t\t\t\t\t\t<div class=\"post-media\">\n\t\t\t\t\t\t\t\t\t\t\t\t\t\t\t<a href=\"https:\/\/www.immigrationcur.org\/es\/el-servicio-de-admision-con-dos-dias-de-cambio-en-el-horario\/\" title=\"El Servicio de Admisi\u00f3n con dos d\u00edas de cambios en el horario\">\n\t\t\t\t\t\t\t\t\t<img decoding=\"async\" alt=\"El Servicio de Admisi\u00f3n con dos d\u00edas de cambios en el horario\" src=\"https:\/\/www.immigrationcur.org\/wp-content\/uploads\/2020\/07\/WE-ARE-CLOSED2-560x560.jpg\" \n\t\t\t\t\t\t\t\t\t\t\t\n\t\t\t\t\t\t\t\t\t\t\tsrcset=\"https:\/\/www.immigrationcur.org\/wp-content\/uploads\/2020\/07\/WE-ARE-CLOSED2-560x560.jpg 560w,\n\t\t\t\t\t\t\t\t\t\t\thttps:\/\/www.immigrationcur.org\/wp-content\/uploads\/2020\/07\/WE-ARE-CLOSED2-300x300.jpg 300w\" \n\t\t\t\t\t\t\t\t\t\t\tsizes=\"(max-width: 767px) 100vw, 560px\" >\n\t\t\t\t\t\t\t\t<\/a>\n\t\t\t\t\t\t\t\t\t\t\t\t\t<\/div>\n\t\t\t\t\t\t<div class=\"evgovt-content\">\n\t\t\t\t\t\t\t\t\t\t\t\t\t\t<div class=\"post-meta-date\">\n\t\t\t\t\t\t\t\t<span class=\"post-meta-content-date\">\n\t\t\t\t\t\t\t\t    <span class=\" post-date\">\n\t\t\t\t\t\t\t\t        <span class=\"right second_font\">10 de enero de 2025<\/span>\n\t\t\t\t\t\t\t\t    <\/span>\n\t\t\t\t\t\t\t\t<\/span>\n\t\t\t\t\t\t\t<\/div>\n\t\t\t\t\t\t\t\n\t\t\t\t\t\t\t\t\t\t\t\t\t\t\t\t\t\t\t\t\t<div class=\"post-title\">\n\t\t\t\t\t\t\t\t<a href=\"https:\/\/www.immigrationcur.org\/es\/el-servicio-de-admision-con-dos-dias-de-cambio-en-el-horario\/\" rel=\"bookmark\" title=\"El Servicio de Admisi\u00f3n con dos d\u00edas de cambios en el horario\">\n\t\t\t\t\t\t\t\t\t<h2 class=\"post-title\">El Servicio de Admisi\u00f3n con dos d\u00edas de cambios en el horario<\/h2>\n\t\t\t\t\t\t\t    <\/a>\n\t\t\t\t\t\t\t<\/div>\n\t\t\t\t\t\t\t\t\t\t\t\t\t\t\t\t\t\t\t\t\t<div class=\"post-footer\">\n\t\t\t\t\t\t\t\t<div class=\"egovt-post-readmore\">\n\t\t\t\t\t\t\t\t    <a class=\"btn-readmore second_font\" href=\"https:\/\/www.immigrationcur.org\/es\/el-servicio-de-admision-con-dos-dias-de-cambio-en-el-horario\/\">\n\t\t\t\t\t\t\t\t    \tLeer m\u00e1s\t\t\t\t\t\t\t\t    \t<i data-feather=\"arrow-right\"><\/i>\n\t\t\t\t\t\t\t\t    <\/a>\n\t\t\t\t\t\t\t\t<\/div>\n\t\t\t\t\t\t\t<\/div>\n\t\t\t\t\t\t\t\t\t\t\t\t\t<\/div>\n\t\t\t\t\t<\/div>\n\t\t\t\t<\/article>\n\t\t\t\t\t\t\t<article class=\"post-wrap\">\n\t\t\t\t\t<div class=\"wrap-article\">\n\t\t\t\t\t\t<div class=\"post-media\">\n\t\t\t\t\t\t\t\t\t\t\t\t\t\t\t<a href=\"https:\/\/www.immigrationcur.org\/es\/el-servicio-de-admision-con-ajustes-servisio-al-publico\/\" title=\"El Servicio de Admisi\u00f3n con ajustes en el servicio al p\u00fablico\">\n\t\t\t\t\t\t\t\t\t<img decoding=\"async\" alt=\"El Servicio de Admisi\u00f3n con ajustes en el servicio al p\u00fablico\" src=\"https:\/\/www.immigrationcur.org\/wp-content\/uploads\/2020\/07\/20241215_locatie-6JAN2025_SPA-copy-560x560.jpg\" \n\t\t\t\t\t\t\t\t\t\t\t\n\t\t\t\t\t\t\t\t\t\t\tsrcset=\"https:\/\/www.immigrationcur.org\/wp-content\/uploads\/2020\/07\/20241215_locatie-6JAN2025_SPA-copy-560x560.jpg 560w,\n\t\t\t\t\t\t\t\t\t\t\thttps:\/\/www.immigrationcur.org\/wp-content\/uploads\/2020\/07\/20241215_locatie-6JAN2025_SPA-copy-300x300.jpg 300w\" \n\t\t\t\t\t\t\t\t\t\t\tsizes=\"(max-width: 767px) 100vw, 560px\" >\n\t\t\t\t\t\t\t\t<\/a>\n\t\t\t\t\t\t\t\t\t\t\t\t\t<\/div>\n\t\t\t\t\t\t<div class=\"evgovt-content\">\n\t\t\t\t\t\t\t\t\t\t\t\t\t\t<div class=\"post-meta-date\">\n\t\t\t\t\t\t\t\t<span class=\"post-meta-content-date\">\n\t\t\t\t\t\t\t\t    <span class=\" post-date\">\n\t\t\t\t\t\t\t\t        <span class=\"right second_font\">2 de enero de 2025<\/span>\n\t\t\t\t\t\t\t\t    <\/span>\n\t\t\t\t\t\t\t\t<\/span>\n\t\t\t\t\t\t\t<\/div>\n\t\t\t\t\t\t\t\n\t\t\t\t\t\t\t\t\t\t\t\t\t\t\t\t\t\t\t\t\t<div class=\"post-title\">\n\t\t\t\t\t\t\t\t<a href=\"https:\/\/www.immigrationcur.org\/es\/el-servicio-de-admision-con-ajustes-servisio-al-publico\/\" rel=\"bookmark\" title=\"El Servicio de Admisi\u00f3n con ajustes en el servicio al p\u00fablico\">\n\t\t\t\t\t\t\t\t\t<h2 class=\"post-title\">El Servicio de Admisi\u00f3n con ajustes en el servicio al p\u00fablico<\/h2>\n\t\t\t\t\t\t\t    <\/a>\n\t\t\t\t\t\t\t<\/div>\n\t\t\t\t\t\t\t\t\t\t\t\t\t\t\t\t\t\t\t\t\t<div class=\"post-footer\">\n\t\t\t\t\t\t\t\t<div class=\"egovt-post-readmore\">\n\t\t\t\t\t\t\t\t    <a class=\"btn-readmore second_font\" href=\"https:\/\/www.immigrationcur.org\/es\/el-servicio-de-admision-con-ajustes-servisio-al-publico\/\">\n\t\t\t\t\t\t\t\t    \tLeer m\u00e1s\t\t\t\t\t\t\t\t    \t<i data-feather=\"arrow-right\"><\/i>\n\t\t\t\t\t\t\t\t    <\/a>\n\t\t\t\t\t\t\t\t<\/div>\n\t\t\t\t\t\t\t<\/div>\n\t\t\t\t\t\t\t\t\t\t\t\t\t<\/div>\n\t\t\t\t\t<\/div>\n\t\t\t\t<\/article>\n\t\t\t\t\t\t\t<article class=\"post-wrap\">\n\t\t\t\t\t<div class=\"wrap-article\">\n\t\t\t\t\t\t<div class=\"post-media\">\n\t\t\t\t\t\t\t\t\t\t\t\t\t\t\t<a href=\"https:\/\/www.immigrationcur.org\/es\/el-servicio-de-admision-con-ubicacion-temporal-2\/\" title=\"El Servicio de Admisi\u00f3n con ubicaci\u00f3n temporal\">\n\t\t\t\t\t\t\t\t\t<img decoding=\"async\" alt=\"El Servicio de Admisi\u00f3n con ubicaci\u00f3n temporal\" src=\"https:\/\/www.immigrationcur.org\/wp-content\/uploads\/2020\/07\/TO_FB_202409-003-SP-copy-560x560.jpg\" \n\t\t\t\t\t\t\t\t\t\t\t\n\t\t\t\t\t\t\t\t\t\t\tsrcset=\"https:\/\/www.immigrationcur.org\/wp-content\/uploads\/2020\/07\/TO_FB_202409-003-SP-copy-560x560.jpg 560w,\n\t\t\t\t\t\t\t\t\t\t\thttps:\/\/www.immigrationcur.org\/wp-content\/uploads\/2020\/07\/TO_FB_202409-003-SP-copy-300x300.jpg 300w\" \n\t\t\t\t\t\t\t\t\t\t\tsizes=\"(max-width: 767px) 100vw, 560px\" >\n\t\t\t\t\t\t\t\t<\/a>\n\t\t\t\t\t\t\t\t\t\t\t\t\t<\/div>\n\t\t\t\t\t\t<div class=\"evgovt-content\">\n\t\t\t\t\t\t\t\t\t\t\t\t\t\t<div class=\"post-meta-date\">\n\t\t\t\t\t\t\t\t<span class=\"post-meta-content-date\">\n\t\t\t\t\t\t\t\t    <span class=\" post-date\">\n\t\t\t\t\t\t\t\t        <span class=\"right second_font\">24 de septiembre de 2024<\/span>\n\t\t\t\t\t\t\t\t    <\/span>\n\t\t\t\t\t\t\t\t<\/span>\n\t\t\t\t\t\t\t<\/div>\n\t\t\t\t\t\t\t\n\t\t\t\t\t\t\t\t\t\t\t\t\t\t\t\t\t\t\t\t\t<div class=\"post-title\">\n\t\t\t\t\t\t\t\t<a href=\"https:\/\/www.immigrationcur.org\/es\/el-servicio-de-admision-con-ubicacion-temporal-2\/\" rel=\"bookmark\" title=\"El Servicio de Admisi\u00f3n con ubicaci\u00f3n temporal\">\n\t\t\t\t\t\t\t\t\t<h2 class=\"post-title\">El Servicio de Admisi\u00f3n con ubicaci\u00f3n temporal<\/h2>\n\t\t\t\t\t\t\t    <\/a>\n\t\t\t\t\t\t\t<\/div>\n\t\t\t\t\t\t\t\t\t\t\t\t\t\t\t\t\t\t\t\t\t<div class=\"post-footer\">\n\t\t\t\t\t\t\t\t<div class=\"egovt-post-readmore\">\n\t\t\t\t\t\t\t\t    <a class=\"btn-readmore second_font\" href=\"https:\/\/www.immigrationcur.org\/es\/el-servicio-de-admision-con-ubicacion-temporal-2\/\">\n\t\t\t\t\t\t\t\t    \tLeer m\u00e1s\t\t\t\t\t\t\t\t    \t<i data-feather=\"arrow-right\"><\/i>\n\t\t\t\t\t\t\t\t    <\/a>\n\t\t\t\t\t\t\t\t<\/div>\n\t\t\t\t\t\t\t<\/div>\n\t\t\t\t\t\t\t\t\t\t\t\t\t<\/div>\n\t\t\t\t\t<\/div>\n\t\t\t\t<\/article>\n\t\t\t\t\t\t\t<article class=\"post-wrap\">\n\t\t\t\t\t<div class=\"wrap-article\">\n\t\t\t\t\t\t<div class=\"post-media\">\n\t\t\t\t\t\t\t\t\t\t\t\t\t\t\t<a href=\"https:\/\/www.immigrationcur.org\/es\/el-servicio-de-admision-lansa-ccc\/\" title=\"El Servicio de Admisi\u00f3n lanza el Centro de Conectividad del Cliente\">\n\t\t\t\t\t\t\t\t\t<img decoding=\"async\" alt=\"El Servicio de Admisi\u00f3n lanza el Centro de Conectividad del Cliente\" src=\"https:\/\/www.immigrationcur.org\/wp-content\/uploads\/2024\/07\/CCC_WEBSITE-560x400.jpg\" \n\t\t\t\t\t\t\t\t\t\t\t\n\t\t\t\t\t\t\t\t\t\t\tsrcset=\"https:\/\/www.immigrationcur.org\/wp-content\/uploads\/2024\/07\/CCC_WEBSITE-560x400.jpg 560w,\n\t\t\t\t\t\t\t\t\t\t\thttps:\/\/www.immigrationcur.org\/wp-content\/uploads\/2024\/07\/CCC_WEBSITE-300x214.jpg 300w\" \n\t\t\t\t\t\t\t\t\t\t\tsizes=\"(max-width: 767px) 100vw, 560px\" >\n\t\t\t\t\t\t\t\t<\/a>\n\t\t\t\t\t\t\t\t\t\t\t\t\t<\/div>\n\t\t\t\t\t\t<div class=\"evgovt-content\">\n\t\t\t\t\t\t\t\t\t\t\t\t\t\t<div class=\"post-meta-date\">\n\t\t\t\t\t\t\t\t<span class=\"post-meta-content-date\">\n\t\t\t\t\t\t\t\t    <span class=\" post-date\">\n\t\t\t\t\t\t\t\t        <span class=\"right second_font\">15 de julio de 2024<\/span>\n\t\t\t\t\t\t\t\t    <\/span>\n\t\t\t\t\t\t\t\t<\/span>\n\t\t\t\t\t\t\t<\/div>\n\t\t\t\t\t\t\t\n\t\t\t\t\t\t\t\t\t\t\t\t\t\t\t\t\t\t\t\t\t<div class=\"post-title\">\n\t\t\t\t\t\t\t\t<a href=\"https:\/\/www.immigrationcur.org\/es\/el-servicio-de-admision-lansa-ccc\/\" rel=\"bookmark\" title=\"El Servicio de Admisi\u00f3n lanza el Centro de Conectividad del Cliente\">\n\t\t\t\t\t\t\t\t\t<h2 class=\"post-title\">El Servicio de Admisi\u00f3n lanza el Centro de Conectividad del Cliente<\/h2>\n\t\t\t\t\t\t\t    <\/a>\n\t\t\t\t\t\t\t<\/div>\n\t\t\t\t\t\t\t\t\t\t\t\t\t\t\t\t\t\t\t\t\t<div class=\"post-footer\">\n\t\t\t\t\t\t\t\t<div class=\"egovt-post-readmore\">\n\t\t\t\t\t\t\t\t    <a class=\"btn-readmore second_font\" href=\"https:\/\/www.immigrationcur.org\/es\/el-servicio-de-admision-lansa-ccc\/\">\n\t\t\t\t\t\t\t\t    \tLeer m\u00e1s\t\t\t\t\t\t\t\t    \t<i data-feather=\"arrow-right\"><\/i>\n\t\t\t\t\t\t\t\t    <\/a>\n\t\t\t\t\t\t\t\t<\/div>\n\t\t\t\t\t\t\t<\/div>\n\t\t\t\t\t\t\t\t\t\t\t\t\t<\/div>\n\t\t\t\t\t<\/div>\n\t\t\t\t<\/article>\n\t\t\t\t\t\t<\/div>\n\t\t<\/div>\n\t\t\t\t<\/div>\n\t\t\t\t<\/div>\n\t\t\t\t\t<\/div>\n\t\t<\/div>\n\t\t\t\t\t\t\t<\/div>\n\t\t<\/section>\n\t\t\t\t\t<\/div>\n\t\t<\/div>\n\t\t\t\t\t\t\t<\/div>\n\t\t<\/section>\n\t\t\t\t<section class=\"elementor-section elementor-top-section elementor-element elementor-element-55f66206 elementor-section-boxed elementor-section-height-default elementor-section-height-default\" data-id=\"55f66206\" data-element_type=\"section\">\n\t\t\t\t\t\t<div class=\"elementor-container elementor-column-gap-default\">\n\t\t\t\t\t<div class=\"elementor-column elementor-col-100 elementor-top-column elementor-element elementor-element-56f43b57\" data-id=\"56f43b57\" data-element_type=\"column\">\n\t\t\t<div class=\"elementor-widget-wrap elementor-element-populated\">\n\t\t\t\t\t\t\t\t<div class=\"elementor-element elementor-element-2eba0910 elementor-widget elementor-widget-shortcode\" data-id=\"2eba0910\" data-element_type=\"widget\" data-widget_type=\"shortcode.default\">\n\t\t\t\t<div class=\"elementor-widget-container\">\n\t\t\t\t\t<div class=\"elementor-shortcode\"><\/div>\n\t\t\t\t<\/div>\n\t\t\t\t<\/div>\n\t\t\t\t\t<\/div>\n\t\t<\/div>\n\t\t\t\t\t\t\t<\/div>\n\t\t<\/section>\n\t\t\t\t\t\t\t<\/div>\n\t\t","protected":false},"excerpt":{"rendered":"<p>Bienvenido al sitio web del Servicio de Admisi\u00f3n y la Unidad de Control de Inmigraci\u00f3n y Fronteras de Curazao. Aqu\u00ed puede obtener informaci\u00f3n sobre los diferentes productos con respeto al acceso, admisi\u00f3n y supervisi\u00f3n. Tambi\u00e9n puede entregar una solicitud para un permiso de estad\u00eda o declaraciones a trav\u00e9s de este sitio web. Informaci\u00f3n con respecto [&hellip;]<\/p>\n","protected":false},"author":4,"featured_media":16070,"parent":0,"menu_order":0,"comment_status":"closed","ping_status":"closed","template":"elementor_header_footer","meta":{"_acf_changed":false,"footnotes":""},"class_list":["post-11700","page","type-page","status-publish","has-post-thumbnail","hentry"],"acf":[],"yoast_head":"<!-- This site is optimized with the Yoast SEO plugin v27.5 - https:\/\/yoast.com\/product\/yoast-seo-wordpress\/ -->\n<title>Inicio - Immigratiedienst Cura\u00e7ao<\/title>\n<meta name=\"robots\" content=\"index, follow, max-snippet:-1, max-image-preview:large, max-video-preview:-1\" \/>\n<link rel=\"canonical\" href=\"https:\/\/www.immigrationcur.org\/es\/\" \/>\n<meta property=\"og:locale\" content=\"es_ES\" \/>\n<meta property=\"og:type\" content=\"article\" \/>\n<meta property=\"og:title\" content=\"Inicio - Immigratiedienst Cura\u00e7ao\" \/>\n<meta property=\"og:description\" content=\"Bienvenido al sitio web del Servicio de Admisi\u00f3n y la Unidad de Control de Inmigraci\u00f3n y Fronteras de Curazao. Aqu\u00ed puede obtener informaci\u00f3n sobre los diferentes productos con respeto al acceso, admisi\u00f3n y supervisi\u00f3n. Tambi\u00e9n puede entregar una solicitud para un permiso de estad\u00eda o declaraciones a trav\u00e9s de este sitio web. Informaci\u00f3n con respecto [&hellip;]\" \/>\n<meta property=\"og:url\" content=\"https:\/\/www.immigrationcur.org\/es\/\" \/>\n<meta property=\"og:site_name\" content=\"Immigratiedienst Cura\u00e7ao\" \/>\n<meta property=\"article:modified_time\" content=\"2026-05-01T02:40:31+00:00\" \/>\n<meta property=\"og:image\" content=\"https:\/\/immigrationcur.org\/wp-content\/uploads\/2023\/06\/446A0250.jpg\" \/>\n\t<meta property=\"og:image:width\" content=\"2442\" \/>\n\t<meta property=\"og:image:height\" content=\"1628\" \/>\n\t<meta property=\"og:image:type\" content=\"image\/jpeg\" \/>\n<meta name=\"twitter:card\" content=\"summary_large_image\" \/>\n<meta name=\"twitter:label1\" content=\"Tiempo de lectura\" \/>\n\t<meta name=\"twitter:data1\" content=\"7 minutos\" \/>\n<script type=\"application\/ld+json\" class=\"yoast-schema-graph\">{\"@context\":\"https:\\\/\\\/schema.org\",\"@graph\":[{\"@type\":\"WebPage\",\"@id\":\"https:\\\/\\\/www.immigrationcur.org\\\/es\\\/\",\"url\":\"https:\\\/\\\/www.immigrationcur.org\\\/es\\\/\",\"name\":\"Inicio - Immigratiedienst Cura\u00e7ao\",\"isPartOf\":{\"@id\":\"https:\\\/\\\/immigrationcur.org\\\/es\\\/#website\"},\"primaryImageOfPage\":{\"@id\":\"https:\\\/\\\/www.immigrationcur.org\\\/es\\\/#primaryimage\"},\"image\":{\"@id\":\"https:\\\/\\\/www.immigrationcur.org\\\/es\\\/#primaryimage\"},\"thumbnailUrl\":\"https:\\\/\\\/www.immigrationcur.org\\\/wp-content\\\/uploads\\\/2023\\\/06\\\/446A0250.jpg\",\"datePublished\":\"2022-01-18T16:08:55+00:00\",\"dateModified\":\"2026-05-01T02:40:31+00:00\",\"breadcrumb\":{\"@id\":\"https:\\\/\\\/www.immigrationcur.org\\\/es\\\/#breadcrumb\"},\"inLanguage\":\"es\",\"potentialAction\":[{\"@type\":\"ReadAction\",\"target\":[\"https:\\\/\\\/www.immigrationcur.org\\\/es\\\/\"]}]},{\"@type\":\"ImageObject\",\"inLanguage\":\"es\",\"@id\":\"https:\\\/\\\/www.immigrationcur.org\\\/es\\\/#primaryimage\",\"url\":\"https:\\\/\\\/www.immigrationcur.org\\\/wp-content\\\/uploads\\\/2023\\\/06\\\/446A0250.jpg\",\"contentUrl\":\"https:\\\/\\\/www.immigrationcur.org\\\/wp-content\\\/uploads\\\/2023\\\/06\\\/446A0250.jpg\",\"width\":2442,\"height\":1628},{\"@type\":\"BreadcrumbList\",\"@id\":\"https:\\\/\\\/www.immigrationcur.org\\\/es\\\/#breadcrumb\",\"itemListElement\":[{\"@type\":\"ListItem\",\"position\":1,\"name\":\"Inicio\",\"item\":\"https:\\\/\\\/immigrationcur.org\\\/es\\\/\"},{\"@type\":\"ListItem\",\"position\":2,\"name\":\"Inicio\"}]},{\"@type\":\"WebSite\",\"@id\":\"https:\\\/\\\/immigrationcur.org\\\/es\\\/#website\",\"url\":\"https:\\\/\\\/immigrationcur.org\\\/es\\\/\",\"name\":\"Immigratiedienst Cura\u00e7ao\",\"description\":\"De Toelatingsorganisatie (TO) behandelt aanvragen van personen die zich voor een korte of langere periode op Cura\u00e7ao willen verblijven.\",\"potentialAction\":[{\"@type\":\"SearchAction\",\"target\":{\"@type\":\"EntryPoint\",\"urlTemplate\":\"https:\\\/\\\/immigrationcur.org\\\/es\\\/?s={search_term_string}\"},\"query-input\":{\"@type\":\"PropertyValueSpecification\",\"valueRequired\":true,\"valueName\":\"search_term_string\"}}],\"inLanguage\":\"es\"}]}<\/script>\n<!-- \/ Yoast SEO plugin. -->","yoast_head_json":{"title":"Inicio - Immigratiedienst Cura\u00e7ao","robots":{"index":"index","follow":"follow","max-snippet":"max-snippet:-1","max-image-preview":"max-image-preview:large","max-video-preview":"max-video-preview:-1"},"canonical":"https:\/\/www.immigrationcur.org\/es\/","og_locale":"es_ES","og_type":"article","og_title":"Inicio - Immigratiedienst Cura\u00e7ao","og_description":"Bienvenido al sitio web del Servicio de Admisi\u00f3n y la Unidad de Control de Inmigraci\u00f3n y Fronteras de Curazao. Aqu\u00ed puede obtener informaci\u00f3n sobre los diferentes productos con respeto al acceso, admisi\u00f3n y supervisi\u00f3n. Tambi\u00e9n puede entregar una solicitud para un permiso de estad\u00eda o declaraciones a trav\u00e9s de este sitio web. Informaci\u00f3n con respecto [&hellip;]","og_url":"https:\/\/www.immigrationcur.org\/es\/","og_site_name":"Immigratiedienst Cura\u00e7ao","article_modified_time":"2026-05-01T02:40:31+00:00","og_image":[{"width":2442,"height":1628,"url":"https:\/\/immigrationcur.org\/wp-content\/uploads\/2023\/06\/446A0250.jpg","type":"image\/jpeg"}],"twitter_card":"summary_large_image","twitter_misc":{"Tiempo de lectura":"7 minutos"},"schema":{"@context":"https:\/\/schema.org","@graph":[{"@type":"WebPage","@id":"https:\/\/www.immigrationcur.org\/es\/","url":"https:\/\/www.immigrationcur.org\/es\/","name":"Inicio - Immigratiedienst Cura\u00e7ao","isPartOf":{"@id":"https:\/\/immigrationcur.org\/es\/#website"},"primaryImageOfPage":{"@id":"https:\/\/www.immigrationcur.org\/es\/#primaryimage"},"image":{"@id":"https:\/\/www.immigrationcur.org\/es\/#primaryimage"},"thumbnailUrl":"https:\/\/www.immigrationcur.org\/wp-content\/uploads\/2023\/06\/446A0250.jpg","datePublished":"2022-01-18T16:08:55+00:00","dateModified":"2026-05-01T02:40:31+00:00","breadcrumb":{"@id":"https:\/\/www.immigrationcur.org\/es\/#breadcrumb"},"inLanguage":"es","potentialAction":[{"@type":"ReadAction","target":["https:\/\/www.immigrationcur.org\/es\/"]}]},{"@type":"ImageObject","inLanguage":"es","@id":"https:\/\/www.immigrationcur.org\/es\/#primaryimage","url":"https:\/\/www.immigrationcur.org\/wp-content\/uploads\/2023\/06\/446A0250.jpg","contentUrl":"https:\/\/www.immigrationcur.org\/wp-content\/uploads\/2023\/06\/446A0250.jpg","width":2442,"height":1628},{"@type":"BreadcrumbList","@id":"https:\/\/www.immigrationcur.org\/es\/#breadcrumb","itemListElement":[{"@type":"ListItem","position":1,"name":"Inicio","item":"https:\/\/immigrationcur.org\/es\/"},{"@type":"ListItem","position":2,"name":"Inicio"}]},{"@type":"WebSite","@id":"https:\/\/immigrationcur.org\/es\/#website","url":"https:\/\/immigrationcur.org\/es\/","name":"Immigratiedienst Cura\u00e7ao","description":"De Toelatingsorganisatie (TO) behandelt aanvragen van personen die zich voor een korte of langere periode op Cura\u00e7ao willen verblijven.","potentialAction":[{"@type":"SearchAction","target":{"@type":"EntryPoint","urlTemplate":"https:\/\/immigrationcur.org\/es\/?s={search_term_string}"},"query-input":{"@type":"PropertyValueSpecification","valueRequired":true,"valueName":"search_term_string"}}],"inLanguage":"es"}]}},"jetpack_sharing_enabled":true,"_links":{"self":[{"href":"https:\/\/www.immigrationcur.org\/es\/wp-json\/wp\/v2\/pages\/11700","targetHints":{"allow":["GET"]}}],"collection":[{"href":"https:\/\/www.immigrationcur.org\/es\/wp-json\/wp\/v2\/pages"}],"about":[{"href":"https:\/\/www.immigrationcur.org\/es\/wp-json\/wp\/v2\/types\/page"}],"author":[{"embeddable":true,"href":"https:\/\/www.immigrationcur.org\/es\/wp-json\/wp\/v2\/users\/4"}],"replies":[{"embeddable":true,"href":"https:\/\/www.immigrationcur.org\/es\/wp-json\/wp\/v2\/comments?post=11700"}],"version-history":[{"count":92,"href":"https:\/\/www.immigrationcur.org\/es\/wp-json\/wp\/v2\/pages\/11700\/revisions"}],"predecessor-version":[{"id":29047,"href":"https:\/\/www.immigrationcur.org\/es\/wp-json\/wp\/v2\/pages\/11700\/revisions\/29047"}],"wp:featuredmedia":[{"embeddable":true,"href":"https:\/\/www.immigrationcur.org\/es\/wp-json\/wp\/v2\/media\/16070"}],"wp:attachment":[{"href":"https:\/\/www.immigrationcur.org\/es\/wp-json\/wp\/v2\/media?parent=11700"}],"curies":[{"name":"wp","href":"https:\/\/api.w.org\/{rel}","templated":true}]}}