{"id":26804,"date":"2026-04-06T14:20:07","date_gmt":"2026-04-06T14:20:07","guid":{"rendered":"https:\/\/immigrationcur.org\/?page_id=26804"},"modified":"2026-05-01T02:38:53","modified_gmt":"2026-05-01T02:38:53","slug":"ribe-luga","status":"publish","type":"page","link":"https:\/\/www.immigrationcur.org\/es\/ribe-luga\/","title":{"rendered":"Rib\u2019e Lug\u00e1"},"content":{"rendered":"\t\t<div data-elementor-type=\"wp-page\" data-elementor-id=\"26804\" class=\"elementor elementor-26804 elementor-26802\">\n\t\t\t\t\t\t\t\t\t<section class=\"elementor-section elementor-top-section elementor-element elementor-element-b31ade7 elementor-section-full_width elementor-section-height-default elementor-section-height-default\" data-id=\"b31ade7\" data-element_type=\"section\">\n\t\t\t\t\t\t<div class=\"elementor-container elementor-column-gap-default\">\n\t\t\t\t\t<div class=\"elementor-column elementor-col-100 elementor-top-column elementor-element elementor-element-d0dfdc0\" data-id=\"d0dfdc0\" data-element_type=\"column\">\n\t\t\t<div class=\"elementor-widget-wrap elementor-element-populated\">\n\t\t\t\t\t\t\t\t<div class=\"elementor-element elementor-element-be2cd7b elementor-widget elementor-widget-ova_header\" data-id=\"be2cd7b\" data-element_type=\"widget\" data-widget_type=\"ova_header.default\">\n\t\t\t\t<div class=\"elementor-widget-container\">\n\t\t\t\t\t \t<!-- Display when you choose background per Post -->\n\t\t \t<div class=\"wrap_ova_header bg_feature_img left \" style=\"background: url( https:\/\/www.immigrationcur.org\/wp-content\/uploads\/2026\/04\/RL_banner-image-2_logo-centered.jpg )\"  >\n\n\t\t \t\t<div class=\"container\">\t\t\t \t\n\t\t\t\t \t<div class=\"cover_color\"><\/div>\n\n\t\t\t\t\t<div class=\"ova_header_el \">\n\t\t\t\t\t\t\n\t\t\t\t\t\t\t\t\t\t\t\t\n\t\t\t\t\t\t\t\t\t\t\t\t\t\t<h1 class=\"second_font header_title\">\n\t\t\t\t\t\t\t\tRib\u2019e Lug\u00e1\t\t\t\t\t\t\t<\/h1>\n\t\t\t\t\t\t\t\t\n\t\t\t\t\t\t\n\n\t\t\t\t\t\t\t\t\t\t\t\t\t<div class=\"ovatheme_breadcrumbs ovatheme_breadcrumbs_el\">\n\t\t\t\t\t\t\t\t<div id=\"breadcrumbs\"><ul class=\"breadcrumb\"><li><a href=\"https:\/\/www.immigrationcur.org\/es\/\">Inicio<\/a><\/li> <li class=\"li_separator\"><span class=\"separator\"><\/span><\/li> <li>P\u00e1gina<\/li><\/ul><\/div>\t\t\t\t\t\t\t<\/div>\n\t\t\t\t\t\t\n\t\t\t\t\t<\/div>\n\n\t\t\t\t <\/div> \n\t\t\t<\/div>\n\t\t\t\t<\/div>\n\t\t\t\t<\/div>\n\t\t\t\t\t<\/div>\n\t\t<\/div>\n\t\t\t\t\t\t\t<\/div>\n\t\t<\/section>\n\t\t\t\t<section class=\"elementor-section elementor-top-section elementor-element elementor-element-df1b436 elementor-section-boxed elementor-section-height-default elementor-section-height-default\" data-id=\"df1b436\" data-element_type=\"section\">\n\t\t\t\t\t\t<div class=\"elementor-container elementor-column-gap-default\">\n\t\t\t\t\t<div class=\"elementor-column elementor-col-100 elementor-top-column elementor-element elementor-element-ef603d9\" data-id=\"ef603d9\" data-element_type=\"column\">\n\t\t\t<div class=\"elementor-widget-wrap elementor-element-populated\">\n\t\t\t\t\t\t\t\t<div class=\"elementor-element elementor-element-24a828a elementor-widget elementor-widget-ova_archive_dep\" data-id=\"24a828a\" data-element_type=\"widget\" data-widget_type=\"ova_archive_dep.default\">\n\t\t\t\t<div class=\"elementor-widget-container\">\n\t\t\t\n\n<div class=\"ova_archive_dep archive_dep two_column\">\n\t<div class=\"content\">\n\t\t\n\t\t\t<div class=\"items elementor-items\">\n\t\t\t\t<div class=\"wp-item\">\n\t\t\t\t\n\t\t\t\t<div class=\"ova-media\">\n\t\t\t\t\t<a href=\"https:\/\/www.immigrationcur.org\/es\/ribe-luga\/bienvenido-a-ribe-luga\/\">\n\t\t\t\t\t\t<img decoding=\"async\" width=\"1024\" height=\"683\" src=\"https:\/\/www.immigrationcur.org\/wp-content\/uploads\/2026\/03\/D4A7608-1024x683.jpg\" class=\"img-responsive wp-post-image\" alt=\"\" srcset=\"https:\/\/www.immigrationcur.org\/wp-content\/uploads\/2026\/03\/D4A7608-1024x683.jpg 1024w, https:\/\/www.immigrationcur.org\/wp-content\/uploads\/2026\/03\/D4A7608-300x200.jpg 300w, https:\/\/www.immigrationcur.org\/wp-content\/uploads\/2026\/03\/D4A7608-768x512.jpg 768w, https:\/\/www.immigrationcur.org\/wp-content\/uploads\/2026\/03\/D4A7608-1536x1025.jpg 1536w, https:\/\/www.immigrationcur.org\/wp-content\/uploads\/2026\/03\/D4A7608-600x400.jpg 600w, https:\/\/www.immigrationcur.org\/wp-content\/uploads\/2026\/03\/D4A7608-560x374.jpg 560w, https:\/\/www.immigrationcur.org\/wp-content\/uploads\/2026\/03\/D4A7608.jpg 1920w\" sizes=\"(max-width: 1024px) 100vw, 1024px\" \/>\t\t\t\t\t<\/a>\n\t\t\t\t<\/div>\n\t\t\t\t<div class=\"ova-content\">\n\t\t\t\t\t\t\t\t\t\t\t<div class=\"icon\">\n\t\t\t\t\t\t\t<span>\n\t\t\t\t\t\t\t\t<i class=\"flaticon-home\"><\/i>\n\t\t\t\t\t\t\t<\/span>\n\t\t\t\t\t\t<\/div>\n\t\t\t\t\t\t\t\t\t\t\t\t\t\t\t<h2 class=\"title\">\n\t\t\t\t\t\t<a class=\"second_font\" href=\"https:\/\/www.immigrationcur.org\/es\/ribe-luga\/bienvenido-a-ribe-luga\/\">\n\t\t\t\t\t\t\tBienvenido a Rib\u2019e Lug\u00e1\t\t\t\t\t\t<\/a>\n\t\t\t\t\t<\/h2>\n\t\t\t\t\t\t\t\t\t\t\t\t\t\t\t\t<div class=\"descption\">\n\t\t\t\t\t\t\tInformaci\u00f3n general sobre el proceso Rib\u2019e Lug\u00e1, los antecedentes y el objetivo del proceso de registro y legalizaci\u00f3n.\t\t\t\t\t\t<\/div>\n\t\t\t\t\t\t\t\t\t\t\t\t\t\t\t<a class=\"second_font readmore\" href=\"https:\/\/www.immigrationcur.org\/es\/ribe-luga\/bienvenido-a-ribe-luga\/\" >\n\t\t\t\t\t\tLee mas\t\t\t\t\t\t<i data-feather=\"arrow-right\"><\/i>\n\t\t\t\t\t<\/a>\n\t\t\t\t\t\t\t\t\t<\/div>\n\n\t\t\t\t<\/div>\n\t\t\t<\/div>\n\n\t\t\n\t\t\t<div class=\"items elementor-items\">\n\t\t\t\t<div class=\"wp-item\">\n\t\t\t\t\n\t\t\t\t<div class=\"ova-media\">\n\t\t\t\t\t<a href=\"https:\/\/www.immigrationcur.org\/es\/ribe-luga\/politica-ribe-luga\/\">\n\t\t\t\t\t\t<img decoding=\"async\" width=\"1024\" height=\"219\" src=\"https:\/\/www.immigrationcur.org\/wp-content\/uploads\/2026\/03\/RL_banner-image-6-1024x219.jpg\" class=\"img-responsive wp-post-image\" alt=\"\" srcset=\"https:\/\/www.immigrationcur.org\/wp-content\/uploads\/2026\/03\/RL_banner-image-6-1024x219.jpg 1024w, https:\/\/www.immigrationcur.org\/wp-content\/uploads\/2026\/03\/RL_banner-image-6-300x64.jpg 300w, https:\/\/www.immigrationcur.org\/wp-content\/uploads\/2026\/03\/RL_banner-image-6-768x165.jpg 768w, https:\/\/www.immigrationcur.org\/wp-content\/uploads\/2026\/03\/RL_banner-image-6-600x129.jpg 600w, https:\/\/www.immigrationcur.org\/wp-content\/uploads\/2026\/03\/RL_banner-image-6-560x120.jpg 560w, https:\/\/www.immigrationcur.org\/wp-content\/uploads\/2026\/03\/RL_banner-image-6.jpg 1400w\" sizes=\"(max-width: 1024px) 100vw, 1024px\" \/>\t\t\t\t\t<\/a>\n\t\t\t\t<\/div>\n\t\t\t\t<div class=\"ova-content\">\n\t\t\t\t\t\t\t\t\t\t\t<div class=\"icon\">\n\t\t\t\t\t\t\t<span>\n\t\t\t\t\t\t\t\t<i class=\"icon-regelgeving\"><\/i>\n\t\t\t\t\t\t\t<\/span>\n\t\t\t\t\t\t<\/div>\n\t\t\t\t\t\t\t\t\t\t\t\t\t\t\t<h2 class=\"title\">\n\t\t\t\t\t\t<a class=\"second_font\" href=\"https:\/\/www.immigrationcur.org\/es\/ribe-luga\/politica-ribe-luga\/\">\n\t\t\t\t\t\t\tPol\u00edtica \u201cRib\u2019e Lug\u00e1\u201d\t\t\t\t\t\t<\/a>\n\t\t\t\t\t<\/h2>\n\t\t\t\t\t\t\t\t\t\t\t\t\t\t\t\t<div class=\"descption\">\n\t\t\t\t\t\t\tInformaci\u00f3n sobre la pol\u00edtica vigente, las condiciones y el marco jur\u00eddico del proceso Rib\u2019e Lug\u00e1.\t\t\t\t\t\t<\/div>\n\t\t\t\t\t\t\t\t\t\t\t\t\t\t\t<a class=\"second_font readmore\" href=\"https:\/\/www.immigrationcur.org\/es\/ribe-luga\/politica-ribe-luga\/\" >\n\t\t\t\t\t\tLee mas\t\t\t\t\t\t<i data-feather=\"arrow-right\"><\/i>\n\t\t\t\t\t<\/a>\n\t\t\t\t\t\t\t\t\t<\/div>\n\n\t\t\t\t<\/div>\n\t\t\t<\/div>\n\n\t\t\n\t\t\t<div class=\"items elementor-items\">\n\t\t\t\t<div class=\"wp-item\">\n\t\t\t\t\n\t\t\t\t<div class=\"ova-media\">\n\t\t\t\t\t<a href=\"https:\/\/www.immigrationcur.org\/es\/ribe-luga\/objetivo-trabajo-trabajar\/\">\n\t\t\t\t\t\t<img decoding=\"async\" width=\"683\" height=\"1024\" src=\"https:\/\/www.immigrationcur.org\/wp-content\/uploads\/2026\/03\/D4A7618-683x1024.jpg\" class=\"img-responsive wp-post-image\" alt=\"\" srcset=\"https:\/\/www.immigrationcur.org\/wp-content\/uploads\/2026\/03\/D4A7618-683x1024.jpg 683w, https:\/\/www.immigrationcur.org\/wp-content\/uploads\/2026\/03\/D4A7618-200x300.jpg 200w, https:\/\/www.immigrationcur.org\/wp-content\/uploads\/2026\/03\/D4A7618-768x1151.jpg 768w, https:\/\/www.immigrationcur.org\/wp-content\/uploads\/2026\/03\/D4A7618-1025x1536.jpg 1025w, https:\/\/www.immigrationcur.org\/wp-content\/uploads\/2026\/03\/D4A7618-400x600.jpg 400w, https:\/\/www.immigrationcur.org\/wp-content\/uploads\/2026\/03\/D4A7618-374x560.jpg 374w, https:\/\/www.immigrationcur.org\/wp-content\/uploads\/2026\/03\/D4A7618.jpg 1281w\" sizes=\"(max-width: 683px) 100vw, 683px\" \/>\t\t\t\t\t<\/a>\n\t\t\t\t<\/div>\n\t\t\t\t<div class=\"ova-content\">\n\t\t\t\t\t\t\t\t\t\t\t<div class=\"icon\">\n\t\t\t\t\t\t\t<span>\n\t\t\t\t\t\t\t\t<i class=\"icon-doel\"><\/i>\n\t\t\t\t\t\t\t<\/span>\n\t\t\t\t\t\t<\/div>\n\t\t\t\t\t\t\t\t\t\t\t\t\t\t\t<h2 class=\"title\">\n\t\t\t\t\t\t<a class=\"second_font\" href=\"https:\/\/www.immigrationcur.org\/es\/ribe-luga\/objetivo-trabajo-trabajar\/\">\n\t\t\t\t\t\t\tObjetivo Trabajo &#8211; Trabajar\t\t\t\t\t\t<\/a>\n\t\t\t\t\t<\/h2>\n\t\t\t\t\t\t\t\t\t\t\t\t\t\t\t\t<div class=\"descption\">\n\t\t\t\t\t\t\tInformaci\u00f3n sobre c\u00f3mo solicitar un permiso de residencia temporal con el objetivo de trabajar.\t\t\t\t\t\t<\/div>\n\t\t\t\t\t\t\t\t\t\t\t\t\t\t\t<a class=\"second_font readmore\" href=\"https:\/\/www.immigrationcur.org\/es\/ribe-luga\/objetivo-trabajo-trabajar\/\" >\n\t\t\t\t\t\tLee mas\t\t\t\t\t\t<i data-feather=\"arrow-right\"><\/i>\n\t\t\t\t\t<\/a>\n\t\t\t\t\t\t\t\t\t<\/div>\n\n\t\t\t\t<\/div>\n\t\t\t<\/div>\n\n\t\t\n\t\t\t<div class=\"items elementor-items\">\n\t\t\t\t<div class=\"wp-item\">\n\t\t\t\t\n\t\t\t\t<div class=\"ova-media\">\n\t\t\t\t\t<a href=\"https:\/\/www.immigrationcur.org\/es\/ribe-luga\/objetivo-empresa-propia-empresario-independiente\/\">\n\t\t\t\t\t\t<img decoding=\"async\" width=\"683\" height=\"1024\" src=\"https:\/\/www.immigrationcur.org\/wp-content\/uploads\/2026\/03\/D4A7620-683x1024.jpg\" class=\"img-responsive wp-post-image\" alt=\"\" srcset=\"https:\/\/www.immigrationcur.org\/wp-content\/uploads\/2026\/03\/D4A7620-683x1024.jpg 683w, https:\/\/www.immigrationcur.org\/wp-content\/uploads\/2026\/03\/D4A7620-200x300.jpg 200w, https:\/\/www.immigrationcur.org\/wp-content\/uploads\/2026\/03\/D4A7620-768x1151.jpg 768w, https:\/\/www.immigrationcur.org\/wp-content\/uploads\/2026\/03\/D4A7620-1025x1536.jpg 1025w, https:\/\/www.immigrationcur.org\/wp-content\/uploads\/2026\/03\/D4A7620-400x600.jpg 400w, https:\/\/www.immigrationcur.org\/wp-content\/uploads\/2026\/03\/D4A7620-374x560.jpg 374w, https:\/\/www.immigrationcur.org\/wp-content\/uploads\/2026\/03\/D4A7620.jpg 1281w\" sizes=\"(max-width: 683px) 100vw, 683px\" \/>\t\t\t\t\t<\/a>\n\t\t\t\t<\/div>\n\t\t\t\t<div class=\"ova-content\">\n\t\t\t\t\t\t\t\t\t\t\t<div class=\"icon\">\n\t\t\t\t\t\t\t<span>\n\t\t\t\t\t\t\t\t<i class=\"icon-ondernemer\"><\/i>\n\t\t\t\t\t\t\t<\/span>\n\t\t\t\t\t\t<\/div>\n\t\t\t\t\t\t\t\t\t\t\t\t\t\t\t<h2 class=\"title\">\n\t\t\t\t\t\t<a class=\"second_font\" href=\"https:\/\/www.immigrationcur.org\/es\/ribe-luga\/objetivo-empresa-propia-empresario-independiente\/\">\n\t\t\t\t\t\t\tObjetivo: Empresa propia\/Empresario independiente\t\t\t\t\t\t<\/a>\n\t\t\t\t\t<\/h2>\n\t\t\t\t\t\t\t\t\t\t\t\t\t\t\t\t<div class=\"descption\">\n\t\t\t\t\t\t\tInformaci\u00f3n sobre c\u00f3mo solicitar un permiso de residencia temporal con el objetivo de tener un negocio propio o ser empresario independiente.\t\t\t\t\t\t<\/div>\n\t\t\t\t\t\t\t\t\t\t\t\t\t\t\t<a class=\"second_font readmore\" href=\"https:\/\/www.immigrationcur.org\/es\/ribe-luga\/objetivo-empresa-propia-empresario-independiente\/\" >\n\t\t\t\t\t\tLee mas\t\t\t\t\t\t<i data-feather=\"arrow-right\"><\/i>\n\t\t\t\t\t<\/a>\n\t\t\t\t\t\t\t\t\t<\/div>\n\n\t\t\t\t<\/div>\n\t\t\t<\/div>\n\n\t\t\n\t\t\t<div class=\"items elementor-items\">\n\t\t\t\t<div class=\"wp-item\">\n\t\t\t\t\n\t\t\t\t<div class=\"ova-media\">\n\t\t\t\t\t<a href=\"https:\/\/www.immigrationcur.org\/es\/ribe-luga\/reunificacion-familiar-formacion-de-familia\/\">\n\t\t\t\t\t\t<img decoding=\"async\" width=\"1024\" height=\"683\" src=\"https:\/\/www.immigrationcur.org\/wp-content\/uploads\/2026\/03\/D4A7638-1024x683.jpg\" class=\"img-responsive wp-post-image\" alt=\"\" srcset=\"https:\/\/www.immigrationcur.org\/wp-content\/uploads\/2026\/03\/D4A7638-1024x683.jpg 1024w, https:\/\/www.immigrationcur.org\/wp-content\/uploads\/2026\/03\/D4A7638-300x200.jpg 300w, https:\/\/www.immigrationcur.org\/wp-content\/uploads\/2026\/03\/D4A7638-768x512.jpg 768w, https:\/\/www.immigrationcur.org\/wp-content\/uploads\/2026\/03\/D4A7638-1536x1025.jpg 1536w, https:\/\/www.immigrationcur.org\/wp-content\/uploads\/2026\/03\/D4A7638-600x400.jpg 600w, https:\/\/www.immigrationcur.org\/wp-content\/uploads\/2026\/03\/D4A7638-560x374.jpg 560w, https:\/\/www.immigrationcur.org\/wp-content\/uploads\/2026\/03\/D4A7638.jpg 1920w\" sizes=\"(max-width: 1024px) 100vw, 1024px\" \/>\t\t\t\t\t<\/a>\n\t\t\t\t<\/div>\n\t\t\t\t<div class=\"ova-content\">\n\t\t\t\t\t\t\t\t\t\t\t<div class=\"icon\">\n\t\t\t\t\t\t\t<span>\n\t\t\t\t\t\t\t\t<i class=\"icon-gezin\"><\/i>\n\t\t\t\t\t\t\t<\/span>\n\t\t\t\t\t\t<\/div>\n\t\t\t\t\t\t\t\t\t\t\t\t\t\t\t<h2 class=\"title\">\n\t\t\t\t\t\t<a class=\"second_font\" href=\"https:\/\/www.immigrationcur.org\/es\/ribe-luga\/reunificacion-familiar-formacion-de-familia\/\">\n\t\t\t\t\t\t\tReunificaci\u00f3n familiar\/Formaci\u00f3n de familia\t\t\t\t\t\t<\/a>\n\t\t\t\t\t<\/h2>\n\t\t\t\t\t\t\t\t\t\t\t\t\t\t\t\t<div class=\"descption\">\n\t\t\t\t\t\t\tInformaci\u00f3n sobre c\u00f3mo solicitar un permiso de residencia temporal para familiares a cargo.\t\t\t\t\t\t<\/div>\n\t\t\t\t\t\t\t\t\t\t\t\t\t\t\t<a class=\"second_font readmore\" href=\"https:\/\/www.immigrationcur.org\/es\/ribe-luga\/reunificacion-familiar-formacion-de-familia\/\" >\n\t\t\t\t\t\tLee mas\t\t\t\t\t\t<i data-feather=\"arrow-right\"><\/i>\n\t\t\t\t\t<\/a>\n\t\t\t\t\t\t\t\t\t<\/div>\n\n\t\t\t\t<\/div>\n\t\t\t<\/div>\n\n\t\t\n\t\t\t<div class=\"items elementor-items\">\n\t\t\t\t<div class=\"wp-item\">\n\t\t\t\t\n\t\t\t\t<div class=\"ova-media\">\n\t\t\t\t\t<a href=\"https:\/\/www.immigrationcur.org\/es\/ribe-luga\/asistencia-para-registrarse\/\">\n\t\t\t\t\t\t<img decoding=\"async\" width=\"683\" height=\"1024\" src=\"https:\/\/www.immigrationcur.org\/wp-content\/uploads\/2026\/03\/D4A7641-683x1024.jpg\" class=\"img-responsive wp-post-image\" alt=\"\" srcset=\"https:\/\/www.immigrationcur.org\/wp-content\/uploads\/2026\/03\/D4A7641-683x1024.jpg 683w, https:\/\/www.immigrationcur.org\/wp-content\/uploads\/2026\/03\/D4A7641-200x300.jpg 200w, https:\/\/www.immigrationcur.org\/wp-content\/uploads\/2026\/03\/D4A7641-768x1151.jpg 768w, https:\/\/www.immigrationcur.org\/wp-content\/uploads\/2026\/03\/D4A7641-1025x1536.jpg 1025w, https:\/\/www.immigrationcur.org\/wp-content\/uploads\/2026\/03\/D4A7641-400x600.jpg 400w, https:\/\/www.immigrationcur.org\/wp-content\/uploads\/2026\/03\/D4A7641-374x560.jpg 374w, https:\/\/www.immigrationcur.org\/wp-content\/uploads\/2026\/03\/D4A7641.jpg 1281w\" sizes=\"(max-width: 683px) 100vw, 683px\" \/>\t\t\t\t\t<\/a>\n\t\t\t\t<\/div>\n\t\t\t\t<div class=\"ova-content\">\n\t\t\t\t\t\t\t\t\t\t\t<div class=\"icon\">\n\t\t\t\t\t\t\t<span>\n\t\t\t\t\t\t\t\t<i class=\"icon-kind\"><\/i>\n\t\t\t\t\t\t\t<\/span>\n\t\t\t\t\t\t<\/div>\n\t\t\t\t\t\t\t\t\t\t\t\t\t\t\t<h2 class=\"title\">\n\t\t\t\t\t\t<a class=\"second_font\" href=\"https:\/\/www.immigrationcur.org\/es\/ribe-luga\/asistencia-para-registrarse\/\">\n\t\t\t\t\t\t\tAsistencia para registrarse\t\t\t\t\t\t<\/a>\n\t\t\t\t\t<\/h2>\n\t\t\t\t\t\t\t\t\t\t\t\t\t\t\t\t<div class=\"descption\">\n\t\t\t\t\t\t\tInformaci\u00f3n sobre el apoyo disponible para presentar una solicitud a trav\u00e9s de socios de confianza.\t\t\t\t\t\t<\/div>\n\t\t\t\t\t\t\t\t\t\t\t\t\t\t\t<a class=\"second_font readmore\" href=\"https:\/\/www.immigrationcur.org\/es\/ribe-luga\/asistencia-para-registrarse\/\" >\n\t\t\t\t\t\tLee mas\t\t\t\t\t\t<i data-feather=\"arrow-right\"><\/i>\n\t\t\t\t\t<\/a>\n\t\t\t\t\t\t\t\t\t<\/div>\n\n\t\t\t\t<\/div>\n\t\t\t<\/div>\n\n\t\t\n\t\t\t<div class=\"items elementor-items\">\n\t\t\t\t<div class=\"wp-item\">\n\t\t\t\t\n\t\t\t\t<div class=\"ova-media\">\n\t\t\t\t\t<a href=\"https:\/\/www.immigrationcur.org\/es\/ribe-luga\/recogida-del-permiso-de-residencia\/\">\n\t\t\t\t\t\t<img decoding=\"async\" width=\"683\" height=\"1024\" src=\"https:\/\/www.immigrationcur.org\/wp-content\/uploads\/2026\/03\/D4A7649-683x1024.jpg\" class=\"img-responsive wp-post-image\" alt=\"\" srcset=\"https:\/\/www.immigrationcur.org\/wp-content\/uploads\/2026\/03\/D4A7649-683x1024.jpg 683w, https:\/\/www.immigrationcur.org\/wp-content\/uploads\/2026\/03\/D4A7649-200x300.jpg 200w, https:\/\/www.immigrationcur.org\/wp-content\/uploads\/2026\/03\/D4A7649-768x1151.jpg 768w, https:\/\/www.immigrationcur.org\/wp-content\/uploads\/2026\/03\/D4A7649-1025x1536.jpg 1025w, https:\/\/www.immigrationcur.org\/wp-content\/uploads\/2026\/03\/D4A7649-400x600.jpg 400w, https:\/\/www.immigrationcur.org\/wp-content\/uploads\/2026\/03\/D4A7649-374x560.jpg 374w, https:\/\/www.immigrationcur.org\/wp-content\/uploads\/2026\/03\/D4A7649.jpg 1281w\" sizes=\"(max-width: 683px) 100vw, 683px\" \/>\t\t\t\t\t<\/a>\n\t\t\t\t<\/div>\n\t\t\t\t<div class=\"ova-content\">\n\t\t\t\t\t\t\t\t\t\t\t<div class=\"icon\">\n\t\t\t\t\t\t\t<span>\n\t\t\t\t\t\t\t\t<i class=\"icon-afspraak\"><\/i>\n\t\t\t\t\t\t\t<\/span>\n\t\t\t\t\t\t<\/div>\n\t\t\t\t\t\t\t\t\t\t\t\t\t\t\t<h2 class=\"title\">\n\t\t\t\t\t\t<a class=\"second_font\" href=\"https:\/\/www.immigrationcur.org\/es\/ribe-luga\/recogida-del-permiso-de-residencia\/\">\n\t\t\t\t\t\t\tRecogida del permiso de residencia\t\t\t\t\t\t<\/a>\n\t\t\t\t\t<\/h2>\n\t\t\t\t\t\t\t\t\t\t\t\t\t\t\t\t<div class=\"descption\">\n\t\t\t\t\t\t\tInformaci\u00f3n sobre c\u00f3mo concertar una cita y los requisitos para recoger el permiso de residencia.\t\t\t\t\t\t<\/div>\n\t\t\t\t\t\t\t\t\t\t\t\t\t\t\t<a class=\"second_font readmore\" href=\"https:\/\/www.immigrationcur.org\/es\/ribe-luga\/recogida-del-permiso-de-residencia\/\" >\n\t\t\t\t\t\tLee mas\t\t\t\t\t\t<i data-feather=\"arrow-right\"><\/i>\n\t\t\t\t\t<\/a>\n\t\t\t\t\t\t\t\t\t<\/div>\n\n\t\t\t\t<\/div>\n\t\t\t<\/div>\n\n\t\t\n\t\t\t<div class=\"items elementor-items\">\n\t\t\t\t<div class=\"wp-item\">\n\t\t\t\t\n\t\t\t\t<div class=\"ova-media\">\n\t\t\t\t\t<a href=\"https:\/\/www.immigrationcur.org\/es\/ribe-luga\/registro-civil-kranshi\/\">\n\t\t\t\t\t\t<img decoding=\"async\" width=\"1024\" height=\"683\" src=\"https:\/\/www.immigrationcur.org\/wp-content\/uploads\/2026\/03\/D4A7662-1024x683.jpg\" class=\"img-responsive wp-post-image\" alt=\"\" srcset=\"https:\/\/www.immigrationcur.org\/wp-content\/uploads\/2026\/03\/D4A7662-1024x683.jpg 1024w, https:\/\/www.immigrationcur.org\/wp-content\/uploads\/2026\/03\/D4A7662-300x200.jpg 300w, https:\/\/www.immigrationcur.org\/wp-content\/uploads\/2026\/03\/D4A7662-768x512.jpg 768w, https:\/\/www.immigrationcur.org\/wp-content\/uploads\/2026\/03\/D4A7662-1536x1025.jpg 1536w, https:\/\/www.immigrationcur.org\/wp-content\/uploads\/2026\/03\/D4A7662-600x400.jpg 600w, https:\/\/www.immigrationcur.org\/wp-content\/uploads\/2026\/03\/D4A7662-560x374.jpg 560w, https:\/\/www.immigrationcur.org\/wp-content\/uploads\/2026\/03\/D4A7662.jpg 1920w\" sizes=\"(max-width: 1024px) 100vw, 1024px\" \/>\t\t\t\t\t<\/a>\n\t\t\t\t<\/div>\n\t\t\t\t<div class=\"ova-content\">\n\t\t\t\t\t\t\t\t\t\t\t<div class=\"icon\">\n\t\t\t\t\t\t\t<span>\n\t\t\t\t\t\t\t\t<i class=\"icon-afhalen\"><\/i>\n\t\t\t\t\t\t\t<\/span>\n\t\t\t\t\t\t<\/div>\n\t\t\t\t\t\t\t\t\t\t\t\t\t\t\t<h2 class=\"title\">\n\t\t\t\t\t\t<a class=\"second_font\" href=\"https:\/\/www.immigrationcur.org\/es\/ribe-luga\/registro-civil-kranshi\/\">\n\t\t\t\t\t\t\tRegistro Civil (Kranshi)\t\t\t\t\t\t<\/a>\n\t\t\t\t\t<\/h2>\n\t\t\t\t\t\t\t\t\t\t\t\t\t\t\t\t<div class=\"descption\">\n\t\t\t\t\t\t\tInformaci\u00f3n sobre la inscripci\u00f3n en el registro civil (Kranshi) y la solicitud de un documento de identidad (sedula).\t\t\t\t\t\t<\/div>\n\t\t\t\t\t\t\t\t\t\t\t\t\t\t\t<a class=\"second_font readmore\" href=\"https:\/\/www.immigrationcur.org\/es\/ribe-luga\/registro-civil-kranshi\/\" >\n\t\t\t\t\t\tLee mas\t\t\t\t\t\t<i data-feather=\"arrow-right\"><\/i>\n\t\t\t\t\t<\/a>\n\t\t\t\t\t\t\t\t\t<\/div>\n\n\t\t\t\t<\/div>\n\t\t\t<\/div>\n\n\t\t\n\t\t\t<div class=\"items elementor-items\">\n\t\t\t\t<div class=\"wp-item\">\n\t\t\t\t\n\t\t\t\t<div class=\"ova-media\">\n\t\t\t\t\t<a href=\"https:\/\/www.immigrationcur.org\/es\/ribe-luga\/datos-de-contacto\/\">\n\t\t\t\t\t\t<img decoding=\"async\" width=\"1024\" height=\"683\" src=\"https:\/\/www.immigrationcur.org\/wp-content\/uploads\/2026\/03\/D4A7667-1024x683.jpg\" class=\"img-responsive wp-post-image\" alt=\"\" srcset=\"https:\/\/www.immigrationcur.org\/wp-content\/uploads\/2026\/03\/D4A7667-1024x683.jpg 1024w, https:\/\/www.immigrationcur.org\/wp-content\/uploads\/2026\/03\/D4A7667-300x200.jpg 300w, https:\/\/www.immigrationcur.org\/wp-content\/uploads\/2026\/03\/D4A7667-768x512.jpg 768w, https:\/\/www.immigrationcur.org\/wp-content\/uploads\/2026\/03\/D4A7667-1536x1025.jpg 1536w, https:\/\/www.immigrationcur.org\/wp-content\/uploads\/2026\/03\/D4A7667-600x400.jpg 600w, https:\/\/www.immigrationcur.org\/wp-content\/uploads\/2026\/03\/D4A7667-560x374.jpg 560w, https:\/\/www.immigrationcur.org\/wp-content\/uploads\/2026\/03\/D4A7667.jpg 1920w\" sizes=\"(max-width: 1024px) 100vw, 1024px\" \/>\t\t\t\t\t<\/a>\n\t\t\t\t<\/div>\n\t\t\t\t<div class=\"ova-content\">\n\t\t\t\t\t\t\t\t\t\t\t<div class=\"icon\">\n\t\t\t\t\t\t\t<span>\n\t\t\t\t\t\t\t\t<i class=\"icon-contact\"><\/i>\n\t\t\t\t\t\t\t<\/span>\n\t\t\t\t\t\t<\/div>\n\t\t\t\t\t\t\t\t\t\t\t\t\t\t\t<h2 class=\"title\">\n\t\t\t\t\t\t<a class=\"second_font\" href=\"https:\/\/www.immigrationcur.org\/es\/ribe-luga\/datos-de-contacto\/\">\n\t\t\t\t\t\t\tDatos de contacto\t\t\t\t\t\t<\/a>\n\t\t\t\t\t<\/h2>\n\t\t\t\t\t\t\t\t\t\t\t\t\t\t\t\t<div class=\"descption\">\n\t\t\t\t\t\t\tInformaci\u00f3n sobre c\u00f3mo contactarnos si tienes preguntas sobre el proceso Rib\u2019e Lug\u00e1 y el procedimiento de solicitud.\t\t\t\t\t\t<\/div>\n\t\t\t\t\t\t\t\t\t\t\t\t\t\t\t<a class=\"second_font readmore\" href=\"https:\/\/www.immigrationcur.org\/es\/ribe-luga\/datos-de-contacto\/\" >\n\t\t\t\t\t\tLee mas\t\t\t\t\t\t<i data-feather=\"arrow-right\"><\/i>\n\t\t\t\t\t<\/a>\n\t\t\t\t\t\t\t\t\t<\/div>\n\n\t\t\t\t<\/div>\n\t\t\t<\/div>\n\n\t\t\n\t\t\t<div class=\"items elementor-items\">\n\t\t\t\t<div class=\"wp-item\">\n\t\t\t\t\n\t\t\t\t<div class=\"ova-media\">\n\t\t\t\t\t<a href=\"https:\/\/www.immigrationcur.org\/es\/ribe-luga\/preguntas-frecuentes-faq\/\">\n\t\t\t\t\t\t<img decoding=\"async\" width=\"683\" height=\"1024\" src=\"https:\/\/www.immigrationcur.org\/wp-content\/uploads\/2026\/03\/D4A7804-683x1024.jpg\" class=\"img-responsive wp-post-image\" alt=\"\" srcset=\"https:\/\/www.immigrationcur.org\/wp-content\/uploads\/2026\/03\/D4A7804-683x1024.jpg 683w, https:\/\/www.immigrationcur.org\/wp-content\/uploads\/2026\/03\/D4A7804-200x300.jpg 200w, https:\/\/www.immigrationcur.org\/wp-content\/uploads\/2026\/03\/D4A7804-768x1151.jpg 768w, https:\/\/www.immigrationcur.org\/wp-content\/uploads\/2026\/03\/D4A7804-1025x1536.jpg 1025w, https:\/\/www.immigrationcur.org\/wp-content\/uploads\/2026\/03\/D4A7804-400x600.jpg 400w, https:\/\/www.immigrationcur.org\/wp-content\/uploads\/2026\/03\/D4A7804-374x560.jpg 374w, https:\/\/www.immigrationcur.org\/wp-content\/uploads\/2026\/03\/D4A7804.jpg 1281w\" sizes=\"(max-width: 683px) 100vw, 683px\" \/>\t\t\t\t\t<\/a>\n\t\t\t\t<\/div>\n\t\t\t\t<div class=\"ova-content\">\n\t\t\t\t\t\t\t\t\t\t\t<div class=\"icon\">\n\t\t\t\t\t\t\t<span>\n\t\t\t\t\t\t\t\t<i class=\"icon-faq\"><\/i>\n\t\t\t\t\t\t\t<\/span>\n\t\t\t\t\t\t<\/div>\n\t\t\t\t\t\t\t\t\t\t\t\t\t\t\t<h2 class=\"title\">\n\t\t\t\t\t\t<a class=\"second_font\" href=\"https:\/\/www.immigrationcur.org\/es\/ribe-luga\/preguntas-frecuentes-faq\/\">\n\t\t\t\t\t\t\tPreguntas frecuentes (FAQ)\t\t\t\t\t\t<\/a>\n\t\t\t\t\t<\/h2>\n\t\t\t\t\t\t\t\t\t\t\t\t\t\t\t\t<div class=\"descption\">\n\t\t\t\t\t\t\tRespuestas a las preguntas m\u00e1s frecuentes sobre el proyecto Rib\u2019e Lug\u00e1 y el proceso de solicitud.\t\t\t\t\t\t<\/div>\n\t\t\t\t\t\t\t\t\t\t\t\t\t\t\t<a class=\"second_font readmore\" href=\"https:\/\/www.immigrationcur.org\/es\/ribe-luga\/preguntas-frecuentes-faq\/\" >\n\t\t\t\t\t\tLee mas\t\t\t\t\t\t<i data-feather=\"arrow-right\"><\/i>\n\t\t\t\t\t<\/a>\n\t\t\t\t\t\t\t\t\t<\/div>\n\n\t\t\t\t<\/div>\n\t\t\t<\/div>\n\n\t\t\t<\/div>\n\n\n\n<\/div>\n\n\n\t\t<\/div>\n\t\t\t\t<\/div>\n\t\t\t\t\t<\/div>\n\t\t<\/div>\n\t\t\t\t\t\t\t<\/div>\n\t\t<\/section>\n\t\t\t\t\t\t\t<\/div>\n\t\t","protected":false},"excerpt":{"rendered":"<p>Servicio de Admisi\u00f3n Home Pagina Welcome page Rib\u2019e Lug\u00e1 test Lees Meer Wet- en Regelgeving Belangrijke informatie Ingevolge art. 17 lid 4 LTU wordt de datum van verzending van de mededeling aan de aanvrager dat zijn vergunning gereed ligt, beschouwd als\u00a0 de beschikkingsdatum van de verblijfsvergunning. Dit wil zeggen dat de geldigheidsduur van de verblijfsvergunning [&hellip;]<\/p>\n","protected":false},"author":22,"featured_media":27500,"parent":0,"menu_order":0,"comment_status":"closed","ping_status":"closed","template":"elementor_header_footer","meta":{"_acf_changed":false,"footnotes":""},"class_list":["post-26804","page","type-page","status-publish","has-post-thumbnail","hentry"],"acf":[],"yoast_head":"<!-- This site is optimized with the Yoast SEO plugin v27.5 - https:\/\/yoast.com\/product\/yoast-seo-wordpress\/ -->\n<title>Zaken regelen - Toelatingsorganisatie Cura\u00e7ao<\/title>\n<meta name=\"description\" content=\"Wil je een vergunning, verklaring aanvragen? Wil je langer blijven op Cura\u00e7ao? De Toelatingsorganisatie helpt u graag!\" \/>\n<meta name=\"robots\" content=\"index, follow, max-snippet:-1, max-image-preview:large, max-video-preview:-1\" \/>\n<link rel=\"canonical\" href=\"https:\/\/www.immigrationcur.org\/es\/ribe-luga\/\" \/>\n<meta property=\"og:locale\" content=\"es_ES\" \/>\n<meta property=\"og:type\" content=\"article\" \/>\n<meta property=\"og:title\" content=\"Zaken regelen - Toelatingsorganisatie Cura\u00e7ao\" \/>\n<meta property=\"og:description\" content=\"Wil je een vergunning, verklaring aanvragen? Wil je langer blijven op Cura\u00e7ao? De Toelatingsorganisatie helpt u graag!\" \/>\n<meta property=\"og:url\" content=\"https:\/\/www.immigrationcur.org\/es\/ribe-luga\/\" \/>\n<meta property=\"og:site_name\" content=\"Immigratiedienst Cura\u00e7ao\" \/>\n<meta property=\"article:modified_time\" content=\"2026-05-01T02:38:53+00:00\" \/>\n<meta property=\"og:image\" content=\"https:\/\/immigrationcur.org\/wp-content\/uploads\/2026\/04\/RL_banner-image-2_logo-centered.jpg\" \/>\n\t<meta property=\"og:image:width\" content=\"1400\" \/>\n\t<meta property=\"og:image:height\" content=\"300\" \/>\n\t<meta property=\"og:image:type\" content=\"image\/jpeg\" \/>\n<meta name=\"twitter:card\" content=\"summary_large_image\" \/>\n<meta name=\"twitter:label1\" content=\"Tiempo de lectura\" \/>\n\t<meta name=\"twitter:data1\" content=\"5 minutos\" \/>\n<script type=\"application\/ld+json\" class=\"yoast-schema-graph\">{\"@context\":\"https:\\\/\\\/schema.org\",\"@graph\":[{\"@type\":\"WebPage\",\"@id\":\"https:\\\/\\\/www.immigrationcur.org\\\/es\\\/ribe-luga\\\/\",\"url\":\"https:\\\/\\\/www.immigrationcur.org\\\/es\\\/ribe-luga\\\/\",\"name\":\"Zaken regelen - Toelatingsorganisatie Cura\u00e7ao\",\"isPartOf\":{\"@id\":\"https:\\\/\\\/immigrationcur.org\\\/es\\\/#website\"},\"primaryImageOfPage\":{\"@id\":\"https:\\\/\\\/www.immigrationcur.org\\\/es\\\/ribe-luga\\\/#primaryimage\"},\"image\":{\"@id\":\"https:\\\/\\\/www.immigrationcur.org\\\/es\\\/ribe-luga\\\/#primaryimage\"},\"thumbnailUrl\":\"https:\\\/\\\/www.immigrationcur.org\\\/wp-content\\\/uploads\\\/2026\\\/04\\\/RL_banner-image-2_logo-centered.jpg\",\"datePublished\":\"2026-04-06T14:20:07+00:00\",\"dateModified\":\"2026-05-01T02:38:53+00:00\",\"description\":\"Wil je een vergunning, verklaring aanvragen? Wil je langer blijven op Cura\u00e7ao? De Toelatingsorganisatie helpt u graag!\",\"breadcrumb\":{\"@id\":\"https:\\\/\\\/www.immigrationcur.org\\\/es\\\/ribe-luga\\\/#breadcrumb\"},\"inLanguage\":\"es\",\"potentialAction\":[{\"@type\":\"ReadAction\",\"target\":[\"https:\\\/\\\/www.immigrationcur.org\\\/es\\\/ribe-luga\\\/\"]}]},{\"@type\":\"ImageObject\",\"inLanguage\":\"es\",\"@id\":\"https:\\\/\\\/www.immigrationcur.org\\\/es\\\/ribe-luga\\\/#primaryimage\",\"url\":\"https:\\\/\\\/www.immigrationcur.org\\\/wp-content\\\/uploads\\\/2026\\\/04\\\/RL_banner-image-2_logo-centered.jpg\",\"contentUrl\":\"https:\\\/\\\/www.immigrationcur.org\\\/wp-content\\\/uploads\\\/2026\\\/04\\\/RL_banner-image-2_logo-centered.jpg\",\"width\":1400,\"height\":300},{\"@type\":\"BreadcrumbList\",\"@id\":\"https:\\\/\\\/www.immigrationcur.org\\\/es\\\/ribe-luga\\\/#breadcrumb\",\"itemListElement\":[{\"@type\":\"ListItem\",\"position\":1,\"name\":\"Inicio\",\"item\":\"https:\\\/\\\/immigrationcur.org\\\/es\\\/\"},{\"@type\":\"ListItem\",\"position\":2,\"name\":\"Rib\u2019e Lug\u00e1\"}]},{\"@type\":\"WebSite\",\"@id\":\"https:\\\/\\\/immigrationcur.org\\\/es\\\/#website\",\"url\":\"https:\\\/\\\/immigrationcur.org\\\/es\\\/\",\"name\":\"Immigratiedienst Cura\u00e7ao\",\"description\":\"De Toelatingsorganisatie (TO) behandelt aanvragen van personen die zich voor een korte of langere periode op Cura\u00e7ao willen verblijven.\",\"potentialAction\":[{\"@type\":\"SearchAction\",\"target\":{\"@type\":\"EntryPoint\",\"urlTemplate\":\"https:\\\/\\\/immigrationcur.org\\\/es\\\/?s={search_term_string}\"},\"query-input\":{\"@type\":\"PropertyValueSpecification\",\"valueRequired\":true,\"valueName\":\"search_term_string\"}}],\"inLanguage\":\"es\"}]}<\/script>\n<!-- \/ Yoast SEO plugin. -->","yoast_head_json":{"title":"Zaken regelen - Toelatingsorganisatie Cura\u00e7ao","description":"Wil je een vergunning, verklaring aanvragen? Wil je langer blijven op Cura\u00e7ao? De Toelatingsorganisatie helpt u graag!","robots":{"index":"index","follow":"follow","max-snippet":"max-snippet:-1","max-image-preview":"max-image-preview:large","max-video-preview":"max-video-preview:-1"},"canonical":"https:\/\/www.immigrationcur.org\/es\/ribe-luga\/","og_locale":"es_ES","og_type":"article","og_title":"Zaken regelen - Toelatingsorganisatie Cura\u00e7ao","og_description":"Wil je een vergunning, verklaring aanvragen? Wil je langer blijven op Cura\u00e7ao? De Toelatingsorganisatie helpt u graag!","og_url":"https:\/\/www.immigrationcur.org\/es\/ribe-luga\/","og_site_name":"Immigratiedienst Cura\u00e7ao","article_modified_time":"2026-05-01T02:38:53+00:00","og_image":[{"width":1400,"height":300,"url":"https:\/\/immigrationcur.org\/wp-content\/uploads\/2026\/04\/RL_banner-image-2_logo-centered.jpg","type":"image\/jpeg"}],"twitter_card":"summary_large_image","twitter_misc":{"Tiempo de lectura":"5 minutos"},"schema":{"@context":"https:\/\/schema.org","@graph":[{"@type":"WebPage","@id":"https:\/\/www.immigrationcur.org\/es\/ribe-luga\/","url":"https:\/\/www.immigrationcur.org\/es\/ribe-luga\/","name":"Zaken regelen - Toelatingsorganisatie Cura\u00e7ao","isPartOf":{"@id":"https:\/\/immigrationcur.org\/es\/#website"},"primaryImageOfPage":{"@id":"https:\/\/www.immigrationcur.org\/es\/ribe-luga\/#primaryimage"},"image":{"@id":"https:\/\/www.immigrationcur.org\/es\/ribe-luga\/#primaryimage"},"thumbnailUrl":"https:\/\/www.immigrationcur.org\/wp-content\/uploads\/2026\/04\/RL_banner-image-2_logo-centered.jpg","datePublished":"2026-04-06T14:20:07+00:00","dateModified":"2026-05-01T02:38:53+00:00","description":"Wil je een vergunning, verklaring aanvragen? Wil je langer blijven op Cura\u00e7ao? De Toelatingsorganisatie helpt u graag!","breadcrumb":{"@id":"https:\/\/www.immigrationcur.org\/es\/ribe-luga\/#breadcrumb"},"inLanguage":"es","potentialAction":[{"@type":"ReadAction","target":["https:\/\/www.immigrationcur.org\/es\/ribe-luga\/"]}]},{"@type":"ImageObject","inLanguage":"es","@id":"https:\/\/www.immigrationcur.org\/es\/ribe-luga\/#primaryimage","url":"https:\/\/www.immigrationcur.org\/wp-content\/uploads\/2026\/04\/RL_banner-image-2_logo-centered.jpg","contentUrl":"https:\/\/www.immigrationcur.org\/wp-content\/uploads\/2026\/04\/RL_banner-image-2_logo-centered.jpg","width":1400,"height":300},{"@type":"BreadcrumbList","@id":"https:\/\/www.immigrationcur.org\/es\/ribe-luga\/#breadcrumb","itemListElement":[{"@type":"ListItem","position":1,"name":"Inicio","item":"https:\/\/immigrationcur.org\/es\/"},{"@type":"ListItem","position":2,"name":"Rib\u2019e Lug\u00e1"}]},{"@type":"WebSite","@id":"https:\/\/immigrationcur.org\/es\/#website","url":"https:\/\/immigrationcur.org\/es\/","name":"Immigratiedienst Cura\u00e7ao","description":"De Toelatingsorganisatie (TO) behandelt aanvragen van personen die zich voor een korte of langere periode op Cura\u00e7ao willen verblijven.","potentialAction":[{"@type":"SearchAction","target":{"@type":"EntryPoint","urlTemplate":"https:\/\/immigrationcur.org\/es\/?s={search_term_string}"},"query-input":{"@type":"PropertyValueSpecification","valueRequired":true,"valueName":"search_term_string"}}],"inLanguage":"es"}]}},"jetpack_sharing_enabled":true,"_links":{"self":[{"href":"https:\/\/www.immigrationcur.org\/es\/wp-json\/wp\/v2\/pages\/26804","targetHints":{"allow":["GET"]}}],"collection":[{"href":"https:\/\/www.immigrationcur.org\/es\/wp-json\/wp\/v2\/pages"}],"about":[{"href":"https:\/\/www.immigrationcur.org\/es\/wp-json\/wp\/v2\/types\/page"}],"author":[{"embeddable":true,"href":"https:\/\/www.immigrationcur.org\/es\/wp-json\/wp\/v2\/users\/22"}],"replies":[{"embeddable":true,"href":"https:\/\/www.immigrationcur.org\/es\/wp-json\/wp\/v2\/comments?post=26804"}],"version-history":[{"count":10,"href":"https:\/\/www.immigrationcur.org\/es\/wp-json\/wp\/v2\/pages\/26804\/revisions"}],"predecessor-version":[{"id":29043,"href":"https:\/\/www.immigrationcur.org\/es\/wp-json\/wp\/v2\/pages\/26804\/revisions\/29043"}],"wp:featuredmedia":[{"embeddable":true,"href":"https:\/\/www.immigrationcur.org\/es\/wp-json\/wp\/v2\/media\/27500"}],"wp:attachment":[{"href":"https:\/\/www.immigrationcur.org\/es\/wp-json\/wp\/v2\/media?parent=26804"}],"curies":[{"name":"wp","href":"https:\/\/api.w.org\/{rel}","templated":true}]}}