{"id":12021,"date":"2021-08-26T11:43:00","date_gmt":"2021-08-26T11:43:00","guid":{"rendered":"https:\/\/immigrationcur.org\/toelatingsorganisatie\/"},"modified":"2023-06-29T16:00:16","modified_gmt":"2023-06-29T16:00:16","slug":"toelatingsorganisatie","status":"publish","type":"page","link":"https:\/\/www.immigrationcur.org\/pap\/toelatingsorganisatie\/","title":{"rendered":"Servisio di Atmishon"},"content":{"rendered":"\t\t<div data-elementor-type=\"wp-page\" data-elementor-id=\"12021\" class=\"elementor elementor-12021 elementor-5528\">\n\t\t\t\t\t\t\t\t\t<section class=\"elementor-section elementor-top-section elementor-element elementor-element-b31ade7 elementor-section-full_width elementor-section-height-default elementor-section-height-default\" data-id=\"b31ade7\" data-element_type=\"section\">\n\t\t\t\t\t\t<div class=\"elementor-container elementor-column-gap-default\">\n\t\t\t\t\t<div class=\"elementor-column elementor-col-100 elementor-top-column elementor-element elementor-element-d0dfdc0\" data-id=\"d0dfdc0\" data-element_type=\"column\">\n\t\t\t<div class=\"elementor-widget-wrap elementor-element-populated\">\n\t\t\t\t\t\t\t\t<div class=\"elementor-element elementor-element-be2cd7b elementor-widget elementor-widget-ova_header\" data-id=\"be2cd7b\" data-element_type=\"widget\" data-widget_type=\"ova_header.default\">\n\t\t\t\t<div class=\"elementor-widget-container\">\n\t\t\t\t\t \t<!-- Display when you choose background per Post -->\n\t\t \t<div class=\"wrap_ova_header bg_feature_img left \" style=\"background: url( https:\/\/www.immigrationcur.org\/wp-content\/uploads\/2021\/11\/toelating-1.png )\"  >\n\n\t\t \t\t<div class=\"container\">\t\t\t \t\n\t\t\t\t \t<div class=\"cover_color\"><\/div>\n\n\t\t\t\t\t<div class=\"ova_header_el \">\n\t\t\t\t\t\t\n\t\t\t\t\t\t\t\t\t\t\t\t\n\t\t\t\t\t\t\t\t\t\t\t\t\t\t<h1 class=\"second_font header_title\">\n\t\t\t\t\t\t\t\tServisio di Atmishon\t\t\t\t\t\t\t<\/h1>\n\t\t\t\t\t\t\t\t\n\t\t\t\t\t\t\n\n\t\t\t\t\t\t\t\t\t\t\t\t\t<div class=\"ovatheme_breadcrumbs ovatheme_breadcrumbs_el\">\n\t\t\t\t\t\t\t\t<div id=\"breadcrumbs\"><ul class=\"breadcrumb\"><li><a href=\"https:\/\/www.immigrationcur.org\/pap\/\">Pagina sentral<\/a><\/li> <li class=\"li_separator\"><span class=\"separator\"><\/span><\/li> <li>Page<\/li><\/ul><\/div>\t\t\t\t\t\t\t<\/div>\n\t\t\t\t\t\t\n\t\t\t\t\t<\/div>\n\n\t\t\t\t <\/div> \n\t\t\t<\/div>\n\t\t\t\t<\/div>\n\t\t\t\t<\/div>\n\t\t\t\t\t<\/div>\n\t\t<\/div>\n\t\t\t\t\t\t\t<\/div>\n\t\t<\/section>\n\t\t\t\t<section class=\"elementor-section elementor-top-section elementor-element elementor-element-df1b436 elementor-section-boxed elementor-section-height-default elementor-section-height-default\" data-id=\"df1b436\" data-element_type=\"section\">\n\t\t\t\t\t\t<div class=\"elementor-container elementor-column-gap-default\">\n\t\t\t\t\t<div class=\"elementor-column elementor-col-100 elementor-top-column elementor-element elementor-element-ef603d9\" data-id=\"ef603d9\" data-element_type=\"column\">\n\t\t\t<div class=\"elementor-widget-wrap elementor-element-populated\">\n\t\t\t\t\t\t\t\t<div class=\"elementor-element elementor-element-24a828a elementor-widget elementor-widget-ova_archive_dep\" data-id=\"24a828a\" data-element_type=\"widget\" data-widget_type=\"ova_archive_dep.default\">\n\t\t\t\t<div class=\"elementor-widget-container\">\n\t\t\t\n\n<div class=\"ova_archive_dep archive_dep two_column\">\n\t<div class=\"content\">\n\t\t\n\t\t\t<div class=\"items elementor-items\">\n\t\t\t\t<div class=\"wp-item\">\n\t\t\t\t\n\t\t\t\t<div class=\"ova-media\">\n\t\t\t\t\t<a href=\"https:\/\/www.immigrationcur.org\/pap\/dep\/vergunning-en-verklaring\/\">\n\t\t\t\t\t\t<img decoding=\"async\" width=\"1024\" height=\"683\" src=\"https:\/\/www.immigrationcur.org\/wp-content\/uploads\/2020\/07\/IR-2-scaled-1024x683.jpg\" class=\"img-responsive wp-post-image\" alt=\"\" srcset=\"https:\/\/www.immigrationcur.org\/wp-content\/uploads\/2020\/07\/IR-2-scaled-1024x683.jpg 1024w, https:\/\/www.immigrationcur.org\/wp-content\/uploads\/2020\/07\/IR-2-scaled-300x200.jpg 300w, https:\/\/www.immigrationcur.org\/wp-content\/uploads\/2020\/07\/IR-2-scaled-768x512.jpg 768w, https:\/\/www.immigrationcur.org\/wp-content\/uploads\/2020\/07\/IR-2-scaled-1536x1024.jpg 1536w, https:\/\/www.immigrationcur.org\/wp-content\/uploads\/2020\/07\/IR-2-scaled-2048x1366.jpg 2048w, https:\/\/www.immigrationcur.org\/wp-content\/uploads\/2020\/07\/IR-2-scaled-600x400.jpg 600w, https:\/\/www.immigrationcur.org\/wp-content\/uploads\/2020\/07\/IR-2-scaled-560x373.jpg 560w\" sizes=\"(max-width: 1024px) 100vw, 1024px\" \/>\t\t\t\t\t<\/a>\n\t\t\t\t<\/div>\n\t\t\t\t<div class=\"ova-content\">\n\t\t\t\t\t\t\t\t\t\t\t<div class=\"icon\">\n\t\t\t\t\t\t\t<span>\n\t\t\t\t\t\t\t\t<i class=\"flaticon-goal\"><\/i>\n\t\t\t\t\t\t\t<\/span>\n\t\t\t\t\t\t<\/div>\n\t\t\t\t\t\t\t\t\t\t\t\t\t\t\t<h2 class=\"title\">\n\t\t\t\t\t\t<a class=\"second_font\" href=\"https:\/\/www.immigrationcur.org\/pap\/dep\/vergunning-en-verklaring\/\">\n\t\t\t\t\t\t\tP\u00e8rmit i deklarashon\t\t\t\t\t\t<\/a>\n\t\t\t\t\t<\/h2>\n\t\t\t\t\t\t\t\t\t\t\t\t\t\t\t\t<div class=\"descption\">\n\t\t\t\t\t\t\tPa permanes\u00e9 na K\u00f2rsou, bo mester di un t\u00edtulo di estadia.\t\t\t\t\t\t<\/div>\n\t\t\t\t\t\t\t\t\t\t\t\t\t\t\t<a class=\"second_font readmore\" href=\"https:\/\/www.immigrationcur.org\/pap\/dep\/vergunning-en-verklaring\/\" >\n\t\t\t\t\t\tLesa Mas\t\t\t\t\t\t<i data-feather=\"arrow-right\"><\/i>\n\t\t\t\t\t<\/a>\n\t\t\t\t\t\t\t\t\t<\/div>\n\n\t\t\t\t<\/div>\n\t\t\t<\/div>\n\n\t\t\n\t\t\t<div class=\"items elementor-items\">\n\t\t\t\t<div class=\"wp-item\">\n\t\t\t\t\n\t\t\t\t<div class=\"ova-media\">\n\t\t\t\t\t<a href=\"https:\/\/www.immigrationcur.org\/pap\/dep\/status\/\">\n\t\t\t\t\t\t<img decoding=\"async\" width=\"1024\" height=\"683\" src=\"https:\/\/www.immigrationcur.org\/wp-content\/uploads\/2020\/07\/Vergunning-en-verklaring-scaled-1024x683.jpg\" class=\"img-responsive wp-post-image\" alt=\"\" srcset=\"https:\/\/www.immigrationcur.org\/wp-content\/uploads\/2020\/07\/Vergunning-en-verklaring-scaled-1024x683.jpg 1024w, https:\/\/www.immigrationcur.org\/wp-content\/uploads\/2020\/07\/Vergunning-en-verklaring-scaled-300x200.jpg 300w, https:\/\/www.immigrationcur.org\/wp-content\/uploads\/2020\/07\/Vergunning-en-verklaring-scaled-768x512.jpg 768w, https:\/\/www.immigrationcur.org\/wp-content\/uploads\/2020\/07\/Vergunning-en-verklaring-scaled-1536x1024.jpg 1536w, https:\/\/www.immigrationcur.org\/wp-content\/uploads\/2020\/07\/Vergunning-en-verklaring-scaled-2048x1366.jpg 2048w, https:\/\/www.immigrationcur.org\/wp-content\/uploads\/2020\/07\/Vergunning-en-verklaring-scaled-600x400.jpg 600w, https:\/\/www.immigrationcur.org\/wp-content\/uploads\/2020\/07\/Vergunning-en-verklaring-scaled-560x373.jpg 560w\" sizes=\"(max-width: 1024px) 100vw, 1024px\" \/>\t\t\t\t\t<\/a>\n\t\t\t\t<\/div>\n\t\t\t\t<div class=\"ova-content\">\n\t\t\t\t\t\t\t\t\t\t\t<div class=\"icon\">\n\t\t\t\t\t\t\t<span>\n\t\t\t\t\t\t\t\t<i class=\"flaticon-status\"><\/i>\n\t\t\t\t\t\t\t<\/span>\n\t\t\t\t\t\t<\/div>\n\t\t\t\t\t\t\t\t\t\t\t\t\t\t\t<h2 class=\"title\">\n\t\t\t\t\t\t<a class=\"second_font\" href=\"https:\/\/www.immigrationcur.org\/pap\/dep\/status\/\">\n\t\t\t\t\t\t\tStatus\t\t\t\t\t\t<\/a>\n\t\t\t\t\t<\/h2>\n\t\t\t\t\t\t\t\t\t\t\t\t\t\t\t\t<div class=\"descption\">\n\t\t\t\t\t\t\tAki por wak status di bo petishon.\t\t\t\t\t\t<\/div>\n\t\t\t\t\t\t\t\t\t\t\t\t\t\t\t<a class=\"second_font readmore\" href=\"https:\/\/www.immigrationcur.org\/pap\/dep\/status\/\" >\n\t\t\t\t\t\tLesa Mas\t\t\t\t\t\t<i data-feather=\"arrow-right\"><\/i>\n\t\t\t\t\t<\/a>\n\t\t\t\t\t\t\t\t\t<\/div>\n\n\t\t\t\t<\/div>\n\t\t\t<\/div>\n\n\t\t\n\t\t\t<div class=\"items elementor-items\">\n\t\t\t\t<div class=\"wp-item\">\n\t\t\t\t\n\t\t\t\t<div class=\"ova-media\">\n\t\t\t\t\t<a href=\"https:\/\/www.immigrationcur.org\/pap\/dep\/afspraak\/\">\n\t\t\t\t\t\t<img decoding=\"async\" width=\"1024\" height=\"683\" src=\"https:\/\/www.immigrationcur.org\/wp-content\/uploads\/2020\/07\/afspraak-scaled-1024x683.jpg\" class=\"img-responsive wp-post-image\" alt=\"\" srcset=\"https:\/\/www.immigrationcur.org\/wp-content\/uploads\/2020\/07\/afspraak-scaled-1024x683.jpg 1024w, https:\/\/www.immigrationcur.org\/wp-content\/uploads\/2020\/07\/afspraak-scaled-300x200.jpg 300w, https:\/\/www.immigrationcur.org\/wp-content\/uploads\/2020\/07\/afspraak-scaled-768x512.jpg 768w, https:\/\/www.immigrationcur.org\/wp-content\/uploads\/2020\/07\/afspraak-scaled-1536x1024.jpg 1536w, https:\/\/www.immigrationcur.org\/wp-content\/uploads\/2020\/07\/afspraak-scaled-2048x1366.jpg 2048w, https:\/\/www.immigrationcur.org\/wp-content\/uploads\/2020\/07\/afspraak-scaled-600x400.jpg 600w, https:\/\/www.immigrationcur.org\/wp-content\/uploads\/2020\/07\/afspraak-scaled-560x373.jpg 560w\" sizes=\"(max-width: 1024px) 100vw, 1024px\" \/>\t\t\t\t\t<\/a>\n\t\t\t\t<\/div>\n\t\t\t\t<div class=\"ova-content\">\n\t\t\t\t\t\t\t\t\t\t\t<div class=\"icon\">\n\t\t\t\t\t\t\t<span>\n\t\t\t\t\t\t\t\t<i class=\"flaticon-fair\"><\/i>\n\t\t\t\t\t\t\t<\/span>\n\t\t\t\t\t\t<\/div>\n\t\t\t\t\t\t\t\t\t\t\t\t\t\t\t<h2 class=\"title\">\n\t\t\t\t\t\t<a class=\"second_font\" href=\"https:\/\/www.immigrationcur.org\/pap\/dep\/afspraak\/\">\n\t\t\t\t\t\t\tSita\t\t\t\t\t\t<\/a>\n\t\t\t\t\t<\/h2>\n\t\t\t\t\t\t\t\t\t\t\t\t\t\t\t\t<div class=\"descption\">\n\t\t\t\t\t\t\tBo a risib\u00ed un desishon positivo? Traha bo sita akinan pa buska bo p\u00e8rmit.\r\n\t\t\t\t\t\t<\/div>\n\t\t\t\t\t\t\t\t\t\t\t\t\t\t\t<a class=\"second_font readmore\" href=\"https:\/\/www.immigrationcur.org\/pap\/dep\/afspraak\/\" >\n\t\t\t\t\t\tLesa Mas\t\t\t\t\t\t<i data-feather=\"arrow-right\"><\/i>\n\t\t\t\t\t<\/a>\n\t\t\t\t\t\t\t\t\t<\/div>\n\n\t\t\t\t<\/div>\n\t\t\t<\/div>\n\n\t\t\n\t\t\t<div class=\"items elementor-items\">\n\t\t\t\t<div class=\"wp-item\">\n\t\t\t\t\n\t\t\t\t<div class=\"ova-media\">\n\t\t\t\t\t<a href=\"https:\/\/www.immigrationcur.org\/pap\/dep\/leges-waarborgsom-en-restitutie\/\">\n\t\t\t\t\t\t<img decoding=\"async\" width=\"1024\" height=\"680\" src=\"https:\/\/www.immigrationcur.org\/wp-content\/uploads\/2020\/07\/Leges-scaled-1024x680.jpg\" class=\"img-responsive wp-post-image\" alt=\"\" srcset=\"https:\/\/www.immigrationcur.org\/wp-content\/uploads\/2020\/07\/Leges-scaled-1024x680.jpg 1024w, https:\/\/www.immigrationcur.org\/wp-content\/uploads\/2020\/07\/Leges-scaled-300x199.jpg 300w, https:\/\/www.immigrationcur.org\/wp-content\/uploads\/2020\/07\/Leges-scaled-768x510.jpg 768w, https:\/\/www.immigrationcur.org\/wp-content\/uploads\/2020\/07\/Leges-scaled-1536x1021.jpg 1536w, https:\/\/www.immigrationcur.org\/wp-content\/uploads\/2020\/07\/Leges-scaled-2048x1361.jpg 2048w, https:\/\/www.immigrationcur.org\/wp-content\/uploads\/2020\/07\/Leges-scaled-600x399.jpg 600w, https:\/\/www.immigrationcur.org\/wp-content\/uploads\/2020\/07\/Leges-scaled-560x372.jpg 560w\" sizes=\"(max-width: 1024px) 100vw, 1024px\" \/>\t\t\t\t\t<\/a>\n\t\t\t\t<\/div>\n\t\t\t\t<div class=\"ova-content\">\n\t\t\t\t\t\t\t\t\t\t\t<div class=\"icon\">\n\t\t\t\t\t\t\t<span>\n\t\t\t\t\t\t\t\t<i class=\"flaticon-leges\"><\/i>\n\t\t\t\t\t\t\t<\/span>\n\t\t\t\t\t\t<\/div>\n\t\t\t\t\t\t\t\t\t\t\t\t\t\t\t<h2 class=\"title\">\n\t\t\t\t\t\t<a class=\"second_font\" href=\"https:\/\/www.immigrationcur.org\/pap\/dep\/leges-waarborgsom-en-restitutie\/\">\n\t\t\t\t\t\t\tTarifa, Deposito i Restitushon\t\t\t\t\t\t<\/a>\n\t\t\t\t\t<\/h2>\n\t\t\t\t\t\t\t\t\t\t\t\t\t\t\t\t<div class=\"descption\">\n\t\t\t\t\t\t\tServisio di Atmishon ta kobra pa gastu di kada produkto i servisio ku e organisashon ta ofres\u00e9.\r\n\t\t\t\t\t\t<\/div>\n\t\t\t\t\t\t\t\t\t\t\t\t\t\t\t<a class=\"second_font readmore\" href=\"https:\/\/www.immigrationcur.org\/pap\/dep\/leges-waarborgsom-en-restitutie\/\" >\n\t\t\t\t\t\tLesa Mas\t\t\t\t\t\t<i data-feather=\"arrow-right\"><\/i>\n\t\t\t\t\t<\/a>\n\t\t\t\t\t\t\t\t\t<\/div>\n\n\t\t\t\t<\/div>\n\t\t\t<\/div>\n\n\t\t\n\t\t\t<div class=\"items elementor-items\">\n\t\t\t\t<div class=\"wp-item\">\n\t\t\t\t\n\t\t\t\t<div class=\"ova-media\">\n\t\t\t\t\t<a href=\"https:\/\/www.immigrationcur.org\/pap\/dep\/aanvraag-indienen\/\">\n\t\t\t\t\t\t<img decoding=\"async\" width=\"1024\" height=\"683\" src=\"https:\/\/www.immigrationcur.org\/wp-content\/uploads\/2020\/07\/Aanvraag-indienan-scaled-1024x683.jpg\" class=\"img-responsive wp-post-image\" alt=\"\" srcset=\"https:\/\/www.immigrationcur.org\/wp-content\/uploads\/2020\/07\/Aanvraag-indienan-scaled-1024x683.jpg 1024w, https:\/\/www.immigrationcur.org\/wp-content\/uploads\/2020\/07\/Aanvraag-indienan-scaled-300x200.jpg 300w, https:\/\/www.immigrationcur.org\/wp-content\/uploads\/2020\/07\/Aanvraag-indienan-scaled-768x512.jpg 768w, https:\/\/www.immigrationcur.org\/wp-content\/uploads\/2020\/07\/Aanvraag-indienan-scaled-1536x1024.jpg 1536w, https:\/\/www.immigrationcur.org\/wp-content\/uploads\/2020\/07\/Aanvraag-indienan-scaled-2048x1366.jpg 2048w, https:\/\/www.immigrationcur.org\/wp-content\/uploads\/2020\/07\/Aanvraag-indienan-scaled-600x400.jpg 600w, https:\/\/www.immigrationcur.org\/wp-content\/uploads\/2020\/07\/Aanvraag-indienan-scaled-560x373.jpg 560w\" sizes=\"(max-width: 1024px) 100vw, 1024px\" \/>\t\t\t\t\t<\/a>\n\t\t\t\t<\/div>\n\t\t\t\t<div class=\"ova-content\">\n\t\t\t\t\t\t\t\t\t\t\t<div class=\"icon\">\n\t\t\t\t\t\t\t<span>\n\t\t\t\t\t\t\t\t<i class=\"flaticon-train-2\"><\/i>\n\t\t\t\t\t\t\t<\/span>\n\t\t\t\t\t\t<\/div>\n\t\t\t\t\t\t\t\t\t\t\t\t\t\t\t<h2 class=\"title\">\n\t\t\t\t\t\t<a class=\"second_font\" href=\"https:\/\/www.immigrationcur.org\/pap\/dep\/aanvraag-indienen\/\">\n\t\t\t\t\t\t\tEntrega di petishon\t\t\t\t\t\t<\/a>\n\t\t\t\t\t<\/h2>\n\t\t\t\t\t\t\t\t\t\t\t\t\t\t\t\t<div class=\"descption\">\n\t\t\t\t\t\t\tBo ta dese\u00e1 di permanes\u00e9 na K\u00f2rsou pa un periodo k\u00f2rtiku \u00f2f  largu, a base di un p\u00e8rmit \u00f2f  deklarashon? Entreg\u00e1 bo petishon akinan.\r\n\t\t\t\t\t\t<\/div>\n\t\t\t\t\t\t\t\t\t\t\t\t\t\t\t<a class=\"second_font readmore\" href=\"https:\/\/www.immigrationcur.org\/pap\/dep\/aanvraag-indienen\/\" >\n\t\t\t\t\t\tLesa Mas\t\t\t\t\t\t<i data-feather=\"arrow-right\"><\/i>\n\t\t\t\t\t<\/a>\n\t\t\t\t\t\t\t\t\t<\/div>\n\n\t\t\t\t<\/div>\n\t\t\t<\/div>\n\n\t\t\n\t\t\t<div class=\"items elementor-items\">\n\t\t\t\t<div class=\"wp-item\">\n\t\t\t\t\n\t\t\t\t<div class=\"ova-media\">\n\t\t\t\t\t<a href=\"https:\/\/www.immigrationcur.org\/pap\/dep\/wet-en-regelgeving\/\">\n\t\t\t\t\t\t<img decoding=\"async\" width=\"1024\" height=\"683\" src=\"https:\/\/www.immigrationcur.org\/wp-content\/uploads\/2020\/07\/DSC_1005-scaled-1024x683.jpg\" class=\"img-responsive wp-post-image\" alt=\"\" srcset=\"https:\/\/www.immigrationcur.org\/wp-content\/uploads\/2020\/07\/DSC_1005-scaled-1024x683.jpg 1024w, https:\/\/www.immigrationcur.org\/wp-content\/uploads\/2020\/07\/DSC_1005-scaled-300x200.jpg 300w, https:\/\/www.immigrationcur.org\/wp-content\/uploads\/2020\/07\/DSC_1005-scaled-768x512.jpg 768w, https:\/\/www.immigrationcur.org\/wp-content\/uploads\/2020\/07\/DSC_1005-scaled-1536x1024.jpg 1536w, https:\/\/www.immigrationcur.org\/wp-content\/uploads\/2020\/07\/DSC_1005-scaled-2048x1366.jpg 2048w, https:\/\/www.immigrationcur.org\/wp-content\/uploads\/2020\/07\/DSC_1005-scaled-600x400.jpg 600w, https:\/\/www.immigrationcur.org\/wp-content\/uploads\/2020\/07\/DSC_1005-scaled-560x373.jpg 560w\" sizes=\"(max-width: 1024px) 100vw, 1024px\" \/>\t\t\t\t\t<\/a>\n\t\t\t\t<\/div>\n\t\t\t\t<div class=\"ova-content\">\n\t\t\t\t\t\t\t\t\t\t\t<div class=\"icon\">\n\t\t\t\t\t\t\t<span>\n\t\t\t\t\t\t\t\t<i class=\"flaticon-wet\"><\/i>\n\t\t\t\t\t\t\t<\/span>\n\t\t\t\t\t\t<\/div>\n\t\t\t\t\t\t\t\t\t\t\t\t\t\t\t<h2 class=\"title\">\n\t\t\t\t\t\t<a class=\"second_font\" href=\"https:\/\/www.immigrationcur.org\/pap\/dep\/wet-en-regelgeving\/\">\n\t\t\t\t\t\t\tLegislashon i regulashon\t\t\t\t\t\t<\/a>\n\t\t\t\t\t<\/h2>\n\t\t\t\t\t\t\t\t\t\t\t\t\t\t\t\t<div class=\"descption\">\n\t\t\t\t\t\t\tAki bo ta ha\u00f1a e legislashon- i regulashonnan vigente ku ta uza pa evaluashon di bo petishon pa p\u00e8rmitnan di estadia \u00f2f deklarashonnan.\t\t\t\t\t\t<\/div>\n\t\t\t\t\t\t\t\t\t\t\t\t\t\t\t<a class=\"second_font readmore\" href=\"https:\/\/www.immigrationcur.org\/pap\/dep\/wet-en-regelgeving\/\" >\n\t\t\t\t\t\tLesa Mas\t\t\t\t\t\t<i data-feather=\"arrow-right\"><\/i>\n\t\t\t\t\t<\/a>\n\t\t\t\t\t\t\t\t\t<\/div>\n\n\t\t\t\t<\/div>\n\t\t\t<\/div>\n\n\t\t\n\t\t\t<div class=\"items elementor-items\">\n\t\t\t\t<div class=\"wp-item\">\n\t\t\t\t\n\t\t\t\t<div class=\"ova-media\">\n\t\t\t\t\t<a href=\"https:\/\/www.immigrationcur.org\/pap\/dep\/bezwaar-en-beroep\/\">\n\t\t\t\t\t\t<img decoding=\"async\" width=\"1024\" height=\"683\" src=\"https:\/\/www.immigrationcur.org\/wp-content\/uploads\/2020\/07\/Bezwaar-en-beroep-3-scaled-1024x683.jpg\" class=\"img-responsive wp-post-image\" alt=\"\" srcset=\"https:\/\/www.immigrationcur.org\/wp-content\/uploads\/2020\/07\/Bezwaar-en-beroep-3-scaled-1024x683.jpg 1024w, https:\/\/www.immigrationcur.org\/wp-content\/uploads\/2020\/07\/Bezwaar-en-beroep-3-scaled-300x200.jpg 300w, https:\/\/www.immigrationcur.org\/wp-content\/uploads\/2020\/07\/Bezwaar-en-beroep-3-scaled-768x512.jpg 768w, https:\/\/www.immigrationcur.org\/wp-content\/uploads\/2020\/07\/Bezwaar-en-beroep-3-scaled-1536x1024.jpg 1536w, https:\/\/www.immigrationcur.org\/wp-content\/uploads\/2020\/07\/Bezwaar-en-beroep-3-scaled-2048x1366.jpg 2048w, https:\/\/www.immigrationcur.org\/wp-content\/uploads\/2020\/07\/Bezwaar-en-beroep-3-scaled-600x400.jpg 600w, https:\/\/www.immigrationcur.org\/wp-content\/uploads\/2020\/07\/Bezwaar-en-beroep-3-scaled-560x373.jpg 560w\" sizes=\"(max-width: 1024px) 100vw, 1024px\" \/>\t\t\t\t\t<\/a>\n\t\t\t\t<\/div>\n\t\t\t\t<div class=\"ova-content\">\n\t\t\t\t\t\t\t\t\t\t\t<div class=\"icon\">\n\t\t\t\t\t\t\t<span>\n\t\t\t\t\t\t\t\t<i class=\"flaticon-balance-3\"><\/i>\n\t\t\t\t\t\t\t<\/span>\n\t\t\t\t\t\t<\/div>\n\t\t\t\t\t\t\t\t\t\t\t\t\t\t\t<h2 class=\"title\">\n\t\t\t\t\t\t<a class=\"second_font\" href=\"https:\/\/www.immigrationcur.org\/pap\/dep\/bezwaar-en-beroep\/\">\n\t\t\t\t\t\t\tOpheshon i apelashon\t\t\t\t\t\t<\/a>\n\t\t\t\t\t<\/h2>\n\t\t\t\t\t\t\t\t\t\t\t\t\t\t\t\t<div class=\"descption\">\n\t\t\t\t\t\t\tBo no ta di akuerdo ku e desishon riba bo petishon? Bo por entreg\u00e1 un opheshon \u00f2f apelashon.\r\n\t\t\t\t\t\t<\/div>\n\t\t\t\t\t\t\t\t\t\t\t\t\t\t\t<a class=\"second_font readmore\" href=\"https:\/\/www.immigrationcur.org\/pap\/dep\/bezwaar-en-beroep\/\" >\n\t\t\t\t\t\tLesa Mas\t\t\t\t\t\t<i data-feather=\"arrow-right\"><\/i>\n\t\t\t\t\t<\/a>\n\t\t\t\t\t\t\t\t\t<\/div>\n\n\t\t\t\t<\/div>\n\t\t\t<\/div>\n\n\t\t\n\t\t\t<div class=\"items elementor-items\">\n\t\t\t\t<div class=\"wp-item\">\n\t\t\t\t\n\t\t\t\t<div class=\"ova-media\">\n\t\t\t\t\t<a href=\"https:\/\/www.immigrationcur.org\/pap\/dep\/toerist\/\">\n\t\t\t\t\t\t<img decoding=\"async\" width=\"1024\" height=\"683\" src=\"https:\/\/www.immigrationcur.org\/wp-content\/uploads\/2020\/07\/Toerist-scaled-1024x683.jpg\" class=\"img-responsive wp-post-image\" alt=\"\" srcset=\"https:\/\/www.immigrationcur.org\/wp-content\/uploads\/2020\/07\/Toerist-scaled-1024x683.jpg 1024w, https:\/\/www.immigrationcur.org\/wp-content\/uploads\/2020\/07\/Toerist-scaled-300x200.jpg 300w, https:\/\/www.immigrationcur.org\/wp-content\/uploads\/2020\/07\/Toerist-scaled-768x512.jpg 768w, https:\/\/www.immigrationcur.org\/wp-content\/uploads\/2020\/07\/Toerist-scaled-1536x1024.jpg 1536w, https:\/\/www.immigrationcur.org\/wp-content\/uploads\/2020\/07\/Toerist-scaled-2048x1366.jpg 2048w, https:\/\/www.immigrationcur.org\/wp-content\/uploads\/2020\/07\/Toerist-scaled-600x400.jpg 600w, https:\/\/www.immigrationcur.org\/wp-content\/uploads\/2020\/07\/Toerist-scaled-560x373.jpg 560w\" sizes=\"(max-width: 1024px) 100vw, 1024px\" \/>\t\t\t\t\t<\/a>\n\t\t\t\t<\/div>\n\t\t\t\t<div class=\"ova-content\">\n\t\t\t\t\t\t\t\t\t\t\t<div class=\"icon\">\n\t\t\t\t\t\t\t<span>\n\t\t\t\t\t\t\t\t<i class=\"flaticon-money-bag-2\"><\/i>\n\t\t\t\t\t\t\t<\/span>\n\t\t\t\t\t\t<\/div>\n\t\t\t\t\t\t\t\t\t\t\t\t\t\t\t<h2 class=\"title\">\n\t\t\t\t\t\t<a class=\"second_font\" href=\"https:\/\/www.immigrationcur.org\/pap\/dep\/toerist\/\">\n\t\t\t\t\t\t\tTurista\t\t\t\t\t\t<\/a>\n\t\t\t\t\t<\/h2>\n\t\t\t\t\t\t\t\t\t\t\t\t\t\t\t\t<div class=\"descption\">\n\t\t\t\t\t\t\tEntreg\u00e1 bo petishon akinan, si bo ke keda mas largu komo turista.\r\n\t\t\t\t\t\t<\/div>\n\t\t\t\t\t\t\t\t\t\t\t\t\t\t\t<a class=\"second_font readmore\" href=\"https:\/\/www.immigrationcur.org\/pap\/dep\/toerist\/\" >\n\t\t\t\t\t\tLesa Mas\t\t\t\t\t\t<i data-feather=\"arrow-right\"><\/i>\n\t\t\t\t\t<\/a>\n\t\t\t\t\t\t\t\t\t<\/div>\n\n\t\t\t\t<\/div>\n\t\t\t<\/div>\n\n\t\t\t<\/div>\n\n\n\n<\/div>\n\n\n\t\t<\/div>\n\t\t\t\t<\/div>\n\t\t\t\t\t<\/div>\n\t\t<\/div>\n\t\t\t\t\t\t\t<\/div>\n\t\t<\/section>\n\t\t\t\t\t\t\t<\/div>\n\t\t","protected":false},"excerpt":{"rendered":"<p>Toelatingsorganisatie Home Page Permit and declaration In order to stay in Cura\u00e7ao, you need a residence permit. Read More Legislation and Regulation Here you can find the current legislations and regulations that are used to assess your request for residence permits or declarations. Read More Tourist Submit your request here if you wish to stay [&hellip;]<\/p>\n","protected":false},"author":4,"featured_media":12023,"parent":0,"menu_order":0,"comment_status":"closed","ping_status":"closed","template":"elementor_header_footer","meta":{"_acf_changed":false,"footnotes":""},"class_list":["post-12021","page","type-page","status-publish","has-post-thumbnail","hentry"],"acf":[],"yoast_head":"<!-- This site is optimized with the Yoast SEO plugin v27.5 - https:\/\/yoast.com\/product\/yoast-seo-wordpress\/ -->\n<title>Zaken regelen - Toelatingsorganisatie Cura\u00e7ao<\/title>\n<meta name=\"description\" content=\"Wil je een vergunning, verklaring aanvragen? Wil je langer blijven op Cura\u00e7ao? De Toelatingsorganisatie helpt u graag!\" \/>\n<meta name=\"robots\" content=\"index, follow, max-snippet:-1, max-image-preview:large, max-video-preview:-1\" \/>\n<link rel=\"canonical\" href=\"https:\/\/www.immigrationcur.org\/pap\/toelatingsorganisatie\/\" \/>\n<meta property=\"og:locale\" content=\"en_US\" \/>\n<meta property=\"og:type\" content=\"article\" \/>\n<meta property=\"og:title\" content=\"Zaken regelen - Toelatingsorganisatie Cura\u00e7ao\" \/>\n<meta property=\"og:description\" content=\"Wil je een vergunning, verklaring aanvragen? Wil je langer blijven op Cura\u00e7ao? De Toelatingsorganisatie helpt u graag!\" \/>\n<meta property=\"og:url\" content=\"https:\/\/www.immigrationcur.org\/pap\/toelatingsorganisatie\/\" \/>\n<meta property=\"og:site_name\" content=\"Immigratiedienst Cura\u00e7ao\" \/>\n<meta property=\"article:modified_time\" content=\"2023-06-29T16:00:16+00:00\" \/>\n<meta property=\"og:image\" content=\"https:\/\/immigrationcur.org\/wp-content\/uploads\/2021\/11\/toelating-1.png\" \/>\n\t<meta property=\"og:image:width\" content=\"4001\" \/>\n\t<meta property=\"og:image:height\" content=\"625\" \/>\n\t<meta property=\"og:image:type\" content=\"image\/png\" \/>\n<meta name=\"twitter:card\" content=\"summary_large_image\" \/>\n<meta name=\"twitter:label1\" content=\"Est. reading time\" \/>\n\t<meta name=\"twitter:data1\" content=\"1 minute\" \/>\n<script type=\"application\/ld+json\" class=\"yoast-schema-graph\">{\"@context\":\"https:\\\/\\\/schema.org\",\"@graph\":[{\"@type\":\"WebPage\",\"@id\":\"https:\\\/\\\/www.immigrationcur.org\\\/pap\\\/toelatingsorganisatie\\\/\",\"url\":\"https:\\\/\\\/www.immigrationcur.org\\\/pap\\\/toelatingsorganisatie\\\/\",\"name\":\"Zaken regelen - Toelatingsorganisatie Cura\u00e7ao\",\"isPartOf\":{\"@id\":\"https:\\\/\\\/immigrationcur.org\\\/pap\\\/#website\"},\"primaryImageOfPage\":{\"@id\":\"https:\\\/\\\/www.immigrationcur.org\\\/pap\\\/toelatingsorganisatie\\\/#primaryimage\"},\"image\":{\"@id\":\"https:\\\/\\\/www.immigrationcur.org\\\/pap\\\/toelatingsorganisatie\\\/#primaryimage\"},\"thumbnailUrl\":\"https:\\\/\\\/www.immigrationcur.org\\\/wp-content\\\/uploads\\\/2021\\\/11\\\/toelating-1.png\",\"datePublished\":\"2021-08-26T11:43:00+00:00\",\"dateModified\":\"2023-06-29T16:00:16+00:00\",\"description\":\"Wil je een vergunning, verklaring aanvragen? Wil je langer blijven op Cura\u00e7ao? De Toelatingsorganisatie helpt u graag!\",\"breadcrumb\":{\"@id\":\"https:\\\/\\\/www.immigrationcur.org\\\/pap\\\/toelatingsorganisatie\\\/#breadcrumb\"},\"inLanguage\":\"pap-AW\",\"potentialAction\":[{\"@type\":\"ReadAction\",\"target\":[\"https:\\\/\\\/www.immigrationcur.org\\\/pap\\\/toelatingsorganisatie\\\/\"]}]},{\"@type\":\"ImageObject\",\"inLanguage\":\"pap-AW\",\"@id\":\"https:\\\/\\\/www.immigrationcur.org\\\/pap\\\/toelatingsorganisatie\\\/#primaryimage\",\"url\":\"https:\\\/\\\/www.immigrationcur.org\\\/wp-content\\\/uploads\\\/2021\\\/11\\\/toelating-1.png\",\"contentUrl\":\"https:\\\/\\\/www.immigrationcur.org\\\/wp-content\\\/uploads\\\/2021\\\/11\\\/toelating-1.png\",\"width\":4001,\"height\":625},{\"@type\":\"BreadcrumbList\",\"@id\":\"https:\\\/\\\/www.immigrationcur.org\\\/pap\\\/toelatingsorganisatie\\\/#breadcrumb\",\"itemListElement\":[{\"@type\":\"ListItem\",\"position\":1,\"name\":\"Pagina sentral\",\"item\":\"https:\\\/\\\/immigrationcur.org\\\/pap\\\/\"},{\"@type\":\"ListItem\",\"position\":2,\"name\":\"Servisio di Atmishon\"}]},{\"@type\":\"WebSite\",\"@id\":\"https:\\\/\\\/immigrationcur.org\\\/pap\\\/#website\",\"url\":\"https:\\\/\\\/immigrationcur.org\\\/pap\\\/\",\"name\":\"Immigratiedienst Cura\u00e7ao\",\"description\":\"De Toelatingsorganisatie (TO) behandelt aanvragen van personen die zich voor een korte of langere periode op Cura\u00e7ao willen verblijven.\",\"potentialAction\":[{\"@type\":\"SearchAction\",\"target\":{\"@type\":\"EntryPoint\",\"urlTemplate\":\"https:\\\/\\\/immigrationcur.org\\\/pap\\\/?s={search_term_string}\"},\"query-input\":{\"@type\":\"PropertyValueSpecification\",\"valueRequired\":true,\"valueName\":\"search_term_string\"}}],\"inLanguage\":\"pap-AW\"}]}<\/script>\n<!-- \/ Yoast SEO plugin. -->","yoast_head_json":{"title":"Zaken regelen - Toelatingsorganisatie Cura\u00e7ao","description":"Wil je een vergunning, verklaring aanvragen? Wil je langer blijven op Cura\u00e7ao? De Toelatingsorganisatie helpt u graag!","robots":{"index":"index","follow":"follow","max-snippet":"max-snippet:-1","max-image-preview":"max-image-preview:large","max-video-preview":"max-video-preview:-1"},"canonical":"https:\/\/www.immigrationcur.org\/pap\/toelatingsorganisatie\/","og_locale":"en_US","og_type":"article","og_title":"Zaken regelen - Toelatingsorganisatie Cura\u00e7ao","og_description":"Wil je een vergunning, verklaring aanvragen? Wil je langer blijven op Cura\u00e7ao? De Toelatingsorganisatie helpt u graag!","og_url":"https:\/\/www.immigrationcur.org\/pap\/toelatingsorganisatie\/","og_site_name":"Immigratiedienst Cura\u00e7ao","article_modified_time":"2023-06-29T16:00:16+00:00","og_image":[{"width":4001,"height":625,"url":"https:\/\/immigrationcur.org\/wp-content\/uploads\/2021\/11\/toelating-1.png","type":"image\/png"}],"twitter_card":"summary_large_image","twitter_misc":{"Est. reading time":"1 minute"},"schema":{"@context":"https:\/\/schema.org","@graph":[{"@type":"WebPage","@id":"https:\/\/www.immigrationcur.org\/pap\/toelatingsorganisatie\/","url":"https:\/\/www.immigrationcur.org\/pap\/toelatingsorganisatie\/","name":"Zaken regelen - Toelatingsorganisatie Cura\u00e7ao","isPartOf":{"@id":"https:\/\/immigrationcur.org\/pap\/#website"},"primaryImageOfPage":{"@id":"https:\/\/www.immigrationcur.org\/pap\/toelatingsorganisatie\/#primaryimage"},"image":{"@id":"https:\/\/www.immigrationcur.org\/pap\/toelatingsorganisatie\/#primaryimage"},"thumbnailUrl":"https:\/\/www.immigrationcur.org\/wp-content\/uploads\/2021\/11\/toelating-1.png","datePublished":"2021-08-26T11:43:00+00:00","dateModified":"2023-06-29T16:00:16+00:00","description":"Wil je een vergunning, verklaring aanvragen? Wil je langer blijven op Cura\u00e7ao? De Toelatingsorganisatie helpt u graag!","breadcrumb":{"@id":"https:\/\/www.immigrationcur.org\/pap\/toelatingsorganisatie\/#breadcrumb"},"inLanguage":"pap-AW","potentialAction":[{"@type":"ReadAction","target":["https:\/\/www.immigrationcur.org\/pap\/toelatingsorganisatie\/"]}]},{"@type":"ImageObject","inLanguage":"pap-AW","@id":"https:\/\/www.immigrationcur.org\/pap\/toelatingsorganisatie\/#primaryimage","url":"https:\/\/www.immigrationcur.org\/wp-content\/uploads\/2021\/11\/toelating-1.png","contentUrl":"https:\/\/www.immigrationcur.org\/wp-content\/uploads\/2021\/11\/toelating-1.png","width":4001,"height":625},{"@type":"BreadcrumbList","@id":"https:\/\/www.immigrationcur.org\/pap\/toelatingsorganisatie\/#breadcrumb","itemListElement":[{"@type":"ListItem","position":1,"name":"Pagina sentral","item":"https:\/\/immigrationcur.org\/pap\/"},{"@type":"ListItem","position":2,"name":"Servisio di Atmishon"}]},{"@type":"WebSite","@id":"https:\/\/immigrationcur.org\/pap\/#website","url":"https:\/\/immigrationcur.org\/pap\/","name":"Immigratiedienst Cura\u00e7ao","description":"De Toelatingsorganisatie (TO) behandelt aanvragen van personen die zich voor een korte of langere periode op Cura\u00e7ao willen verblijven.","potentialAction":[{"@type":"SearchAction","target":{"@type":"EntryPoint","urlTemplate":"https:\/\/immigrationcur.org\/pap\/?s={search_term_string}"},"query-input":{"@type":"PropertyValueSpecification","valueRequired":true,"valueName":"search_term_string"}}],"inLanguage":"pap-AW"}]}},"jetpack_sharing_enabled":true,"_links":{"self":[{"href":"https:\/\/www.immigrationcur.org\/pap\/wp-json\/wp\/v2\/pages\/12021","targetHints":{"allow":["GET"]}}],"collection":[{"href":"https:\/\/www.immigrationcur.org\/pap\/wp-json\/wp\/v2\/pages"}],"about":[{"href":"https:\/\/www.immigrationcur.org\/pap\/wp-json\/wp\/v2\/types\/page"}],"author":[{"embeddable":true,"href":"https:\/\/www.immigrationcur.org\/pap\/wp-json\/wp\/v2\/users\/4"}],"replies":[{"embeddable":true,"href":"https:\/\/www.immigrationcur.org\/pap\/wp-json\/wp\/v2\/comments?post=12021"}],"version-history":[{"count":13,"href":"https:\/\/www.immigrationcur.org\/pap\/wp-json\/wp\/v2\/pages\/12021\/revisions"}],"predecessor-version":[{"id":16958,"href":"https:\/\/www.immigrationcur.org\/pap\/wp-json\/wp\/v2\/pages\/12021\/revisions\/16958"}],"wp:featuredmedia":[{"embeddable":true,"href":"https:\/\/www.immigrationcur.org\/pap\/wp-json\/wp\/v2\/media\/12023"}],"wp:attachment":[{"href":"https:\/\/www.immigrationcur.org\/pap\/wp-json\/wp\/v2\/media?parent=12021"}],"curies":[{"name":"wp","href":"https:\/\/api.w.org\/{rel}","templated":true}]}}